{"id":40140,"date":"2025-02-20T12:54:54","date_gmt":"2025-02-20T12:54:54","guid":{"rendered":"https:\/\/www.board.com\/events-webinars\/it-webinar-on-demand-modello-di-pianificazione-integrata-la-filiera-agro-alimentare-lesperienza\/"},"modified":"2025-06-25T10:56:21","modified_gmt":"2025-06-25T10:56:21","slug":"modello-di-pianificazione-integrata-la-filiera-agro-alimentare-lesperienza","status":"publish","type":"events-webinars","link":"https:\/\/wwwstg.board.com\/it\/eventi-webinar\/modello-di-pianificazione-integrata-la-filiera-agro-alimentare-lesperienza","title":{"rendered":"Modello di pianificazione integrata per la filiera agro-alimentare. L\u2019esperienza Apofruit"},"content":{"rendered":"\t<section id=\"block_c9106bae997ecf8fee0c74aef3441edb-\" class=\"block columns-block block-hero-bubble hero-post bg-web-gradient-light pt-0 pb-0 ew-single-block-wrap ew-single-hero\">\n\t\t<div class=\"breadcrumb-bar bg-brand-pearl\">\n\t\t\t<div class=\"container\">\n\t\t\t\t\t\t\t<\/div>\n\t\t<\/div>\n\n\t\t<div class=\"hero-wrapper\">\n\t\t\t<div class=\"container\">\n\t\t\t\t<div class=\"columns-block-row\">\n\t\t\t\t\t<div class=\"column-content d-flex align-items-center post-hero-content-left\">\n\t\t\t\t\t\t<div class=\"hero-grad-left\">\n\t\t\t\t\t\t\t<div class=\"hero-grad-post-info\">\n\t\t\t\t\t\t\t\t\t\t\t\t\t\t\t\t\t\t\t\t\t\t\t\t\t\t\t\t\t\t\t\t\t\t\t<a href=\"https:\/\/wwwstg.board.com\/it\/eventi-webinar\" class=\"btn-link btn-link--primary hero-grad-cat\"><span>On-demand webinar<span><\/a>\n\t\t\t\t\t\t\t\t\t\t\t\t\t\t\t\t\t\t\t\t\t\t\t\t\t\t\t\t\t\t\t\t<\/div>\n\t\t\t\t\t\t\t<div class=\"hero-grad-copy\">\n\t\t\t\t\t\t\t\t\t\t\t\t\t\t\t\t\t\t\t\t\t\t\t\t\t\t\t<h1 class=\"display-2\">Modello di pianificazione integrata per la filiera agro-alimentare. L\u2019esperienza Apofruit<\/h1>\n\t\t\t\t\t\t\t\t\t\t\t\t\t\t\t\t\t\n\t\t\t\t\t\t\t\t\t\t\t\t\t\t\t<\/div>\n\t\t\t\t\t\t<\/div>\n\t\t\t\t\t<\/div>\n\n\t\t\t\t\t\t\t\t\t\t\t\t\t\t\t\t\t<div class=\"column-content text-start align-self-start post-hero-content-right\">\n\t\t\t\t\t\t\t<div class=\"hero-grad-right\">\n\t\t\t\t\t\t\t\t\t\t\t\t\t\t\t\t\t<img decoding=\"async\" fetchpriority=\"high\" class=\"hero-bubbles-bg\" src=\"https:\/\/wwwstg.board.com\/wp-content\/themes\/board\/assets\/images\/bubbles-events.svg\" alt=\"hero-bubble preview\" height=\"200\" width=\"300\">\n\t\t\t\t\t\t\t\t\t\t\t\t\t\t\t<\/div>\n\t\t\t\t\t\t<\/div>\n\t\t\t\t\t\n\n\t\t\t\t<\/div>\n\t\t\t<\/div>\n\t\t<\/div>\n\t<\/section>\n\n\n\n\t<section id=\"block_9647632e6bb1e787c2cd41fb0c087e6b-1\" class=\"block block--spc single-page__post\">\n\n\t\t<div class=\"d-lg-none container\">\n\t\t\t\t\t<\/div>\n\n\t\t<div class=\"container container--narrow\">\n\t\t\t<div class=\"row justify-content-center\">\n\t\t\t\t<div class=\"col-lg-7 single-page__post-text\">\n\t\t\t\t\t\n\n<p>Preservare e monitorare il valore generato per i Soci della Cooperativa lungo tutta la filiera integrata: questo \u00e8 stato l\u2019obiettivo di Apofruit e per poterlo raggiungere \u00e8 stato sviluppato un processo collaborativo di definizione degli obiettivi economici, patrimoniali e finanziari.<\/p>\n\n\n\n<p>L\u2019esigenza di governare molteplici fattori, che influiscono sulla produttivit\u00e0 e sui risultati di fine periodo, <strong>richiede velocit\u00e0 nelle decisioni e flessibilit\u00e0 nelle ri-previsioni<\/strong> a fronte di mutate condizioni esogene. Con il supporto applicativo di Board, Apofruit adesso si \u00e8 dotata di una soluzione in grado di valutare in <strong>real-time gli impatti di diversi scenari previsionali<\/strong>.<\/p>\n\n\n\n<p>Un esempio? Dalle previsioni catastali, al piano vendite, passando dal calcolo dei costi industriali e di struttura, per calcolare la marginalit\u00e0 per prodotto e stabilimento, integrando considerazioni di natura patrimoniale e finanziaria, per costruire un prospetto di remunerazione dei Soci conferitori.<\/p>\n\n\n\n<p><strong>In questo webinar<\/strong> avrai la possibilit\u00e0 di ascoltare direttamente dal <strong>Dott. Gaetano Andreghetti, CFO di Apofruit<\/strong> qual \u00e8 stato il loro percorso di innovazione intrapreso.<\/p>\n\n\n\n<p>In collaborazione con:&nbsp;<\/p>\n\n\n\n<figure class=\"wp-block-image size-full\"><img loading=\"lazy\" decoding=\"async\" width=\"800\" height=\"800\" src=\"https:\/\/wwwstg.board.com\/wp-content\/uploads\/2025\/02\/srini_partner-pwc.png\" alt=\"\" class=\"wp-image-19930\" srcset=\"https:\/\/wwwstg.board.com\/wp-content\/uploads\/2025\/02\/srini_partner-pwc.png 800w, https:\/\/wwwstg.board.com\/wp-content\/uploads\/2025\/02\/srini_partner-pwc-768x768.png 768w, https:\/\/wwwstg.board.com\/wp-content\/uploads\/2025\/02\/srini_partner-pwc-150x150.png 150w, https:\/\/wwwstg.board.com\/wp-content\/uploads\/2025\/02\/srini_partner-pwc-480x480.png 480w, https:\/\/wwwstg.board.com\/wp-content\/uploads\/2025\/02\/srini_partner-pwc-203x203.png 203w, https:\/\/wwwstg.board.com\/wp-content\/uploads\/2025\/02\/srini_partner-pwc-572x572.png 572w\" sizes=\"auto, (max-width: 800px) 100vw, 800px\" \/><\/figure>\n\n\n\t\t\t\t<\/div>\n\n\t\t\t\t<div class=\"col-lg-3\">\n\t\t\t\t\t<aside class=\"single-event-info\">\n\t\t\t\t\t\t\n<article class=\"card card--event-register\">\n\t<div class=\"event-info-img\">\n\t\t<img decoding=\"async\" src=\"https:\/\/wwwstg.board.com\/wp-content\/uploads\/2025\/02\/1280x800_wordpress_webinar-with-Apofruit-e-PwC-480x300.jpg\" alt=\"\" loading=\"lazy\" \/>\n\t<\/div>\n\n\t<div class=\"card-body\">\n\t\t\n\t\t\n\t\t\t\t\t<div class=\"card-event-detail\">\n\t\t\t\t<img decoding=\"async\" src=\"https:\/\/wwwstg.board.com\/wp-content\/themes\/board\/assets\/images\/icons\/lang.svg\" alt=\"Board Beyond\" loading=\"lazy\" height=\"22\" width=\"22\">\n\t\t\t\t<strong>Italian<\/strong>\n\t\t\t<\/div>\n\t\t\n\t\t\n\t\t\n\t\t\t\t\t<a data-scroll-to=\".block-text-form\" class=\"d-inline-block btn-link text-center w-100\">\n\t\t\t\tWatch Now\t\t\t<\/a>\n\t\t\t<\/div>\n<\/article>\t\t\t\t\t<\/aside>\n\t\t\t\t<\/div>\n\t\t\t<\/div>\n\t\t<\/div>\n\n\t<\/section>\n\n\t\n\n\t<section id=\"block_d4d8a9b8419b7d2270fe2201072de914-2\" class=\"block block--spc columns-block block-title-template pb-0 block-title-events-webinars\">\n\t\t<div class=\"container position-relative\">\n\t\t\t<div class=\"columns-block-row\">\n\t\t\t\t<div class=\"column-content text-start align-self-start\">\n\t\t\t\t\t\t\t\t\t\t\n\n<h3 class=\"wp-block-heading has-text-align-center visual-h2\">I Nostri Relatori<\/h3>\n\n\n\t\t\t\t<\/div>\n\t\t\t<\/div>\n\t\t<\/div>\n\t<\/section>\n\n\t\n\n\t\t<section id=\"block_ef39c67494c25ebf86fbaf8fbba9b4bc-3\" class=\"block block--spc columns-block grid grid--3 speakers-card-grid spacing-md ew-single-block-wrap ew-single-cards-1\">\n\t\t\t<div class=\"container position-relative\">\n\t\t\t\t<div class=\"columns-block-row\">\n\t\t\t\t\t\t\t\t\t\t\n\t<article class=\"card card--speaker\">\n\t\t<div class=\"ratio ratio-1x1  \">\n\t\t\t\t\t\t\t\t\t\t\t<img decoding=\"async\" src=\"https:\/\/wwwstg.board.com\/wp-content\/uploads\/2025\/02\/150x150_gaetano-andreghetti.png\" alt=\"\" loading=\"lazy\" height=\"326\" width=\"326\">\n\t\t\t\t\t<\/div>\n\t\t<div class=\"card-body\">\n\t\t\t\t\t\t\t\t\t\t\t\t<p class=\"card-title\">empty<\/p>\n\t\t\t\t\t\t\t\t\t\t\t\t\t<p class=\"mb-0\">empty<\/p>\n\t\t\t\t\t\t\t\t\t<\/div>\n\t<\/article>\n\n\n\t<article class=\"card card--speaker\">\n\t\t<div class=\"ratio ratio-1x1  \">\n\t\t\t\t\t\t\t\t\t\t\t<img decoding=\"async\" src=\"https:\/\/wwwstg.board.com\/wp-content\/uploads\/2025\/02\/150x150_andrea-bagnaroli.png\" alt=\"\" loading=\"lazy\" height=\"326\" width=\"326\">\n\t\t\t\t\t<\/div>\n\t\t<div class=\"card-body\">\n\t\t\t\t\t\t\t\t\t\t\t\t<p class=\"card-title\">empty<\/p>\n\t\t\t\t\t\t\t\t\t\t\t\t\t<p class=\"mb-0\">empty<\/p>\n\t\t\t\t\t\t\t\t\t<\/div>\n\t<\/article>\n\n\n\t<article class=\"card card--speaker\">\n\t\t<div class=\"ratio ratio-1x1  \">\n\t\t\t\t\t\t\t\t\t\t\t<img decoding=\"async\" src=\"https:\/\/wwwstg.board.com\/wp-content\/uploads\/2025\/02\/150x150_jader-sabbi.png\" alt=\"\" loading=\"lazy\" height=\"326\" width=\"326\">\n\t\t\t\t\t<\/div>\n\t\t<div class=\"card-body\">\n\t\t\t\t\t\t\t\t\t\t\t\t<p class=\"card-title\">empty<\/p>\n\t\t\t\t\t\t\t\t\t\t\t\t\t<p class=\"mb-0\">empty<\/p>\n\t\t\t\t\t\t\t\t\t<\/div>\n\t<\/article>\n\n\n\t\t\t\t<\/div>\n\t\t\t\t\t\t\t<\/div>\n\t\t<\/section>\n\t\n\n\t<section id=\"event-form\" class=\"block block--spc columns-block block-text-form bg-web-gradient-light\">\n\t\t<div class=\"container position-relative\">\n\t\t\t<div class=\"columns-block-row\">\n\t\t\t\t\t\t\t\t\n\t<div class=\"column-content \">\n\t\t\n\n<h3 class=\"wp-block-heading\" style=\"font-size:clamp(27.894px, 1.743rem + ((1vw - 3.2px) * 1.571), 48px);font-weight:900\">Guarda ora!<\/h3>\n\n\n\t<\/div>\n\n\n\t<div class=\"column-content container \">\n\t\t\n\n\n\t\n\t<\/div>\n\t\n\n\t\t\t<\/div>\n\t\t<\/div>\n\t<\/section>\n\n\t\n\n\t<section id=\"block_7f1adff8744c6d08f158b8e55edaf9db-5\" class=\"block block--spc columns-block block-title-template pb-0 bg-light-blue-50 block-title-events-webinars\">\n\t\t<div class=\"container position-relative\">\n\t\t\t<div class=\"columns-block-row\">\n\t\t\t\t<div class=\"column-content text-start align-self-start\">\n\t\t\t\t\t\t\t\t\t\t\n\n<h3 class=\"wp-block-heading has-text-align-center visual-h2\">Prossimi eventi<\/h3>\n\n\n\t\t\t\t<\/div>\n\t\t\t<\/div>\n\t\t<\/div>\n\t<\/section>\n\n\t\n\n\t<section id=\"block_005095c71104358f6e708110e9ce5289-6\" class=\"block block--spc events-webinar-feed columns-block grid grid--3 spacing-md bg-light-blue-50 ew-single-block-wrap ew-single-cards-2\">\n\t\t<div class=\"container position-relative\">\n\t\t\t<div class=\"columns-block-row\">\n\t\t\t\t\t\t\t<\/div>\n\t\t<\/div>\n\t<\/section>\n\n\n\t<section id=\"block_f36dd44b3f7a02d5b1e34a1c793adfa0-7\" class=\"block block--spc columns-block spacing-md footer-cta bg-violet-700\">\n\t\t\n\t\t\t<img loading=\"lazy\" decoding=\"async\" src=\"https:\/\/wwwstg.board.com\/wp-content\/uploads\/2024\/08\/pre-footersvg.svg\" class=\"shape-bg-image shape-bg-image-left\" alt=\"Background image shape - left\" height=\"510\" width=\"930\" aria-hidden=\"true\">\n\t\t\t<div class=\"overlay-gradient\"><\/div>\n\t\t<div class=\"container position-relative columns-70-30\">\n\t\t\t<div class=\"columns-block-row\">\n\t\t\t\t\t\t\t\t\n\t<div class=\"column-content \">\n\t\t\n\n<h2 class=\"wp-block-heading\">Scopri cosa pu\u00f2 fare Board per te.<\/h2>\n\n\n\n<p>Scopri la nostra Piattaforma di Enterprise Planning in azione.<\/p>\n\n\n\t<\/div>\n\n\n\t<div class=\"column-content \">\n\t\t\n\t\t<a href=\"https:\/\/wwwstg.board.com\/it\/richiedi-demo\" class=\"btn-link btn-link--white\"  target=\"\"\t\t\t>\n\t\t\t<span>Parla con un esperto<\/span>\n\t\t<\/a>\n\t\n\n\t<\/div>\n\n\n\t\t\t<\/div>\n\t\t<\/div>\n\t<\/section>\n\n\t","protected":false},"excerpt":{"rendered":"","protected":false},"author":1,"featured_media":92293,"template":"","event-type":[292],"event-language":[2372],"event-country":[],"decisional-phase":[4243],"industry":[4309],"department":[4346],"line_of_business":[4375],"class_list":["post-40140","events-webinars","type-events-webinars","status-publish","has-post-thumbnail","hentry","event-type-on-demand-webinar-it","event-language-italian-2","decisional-phase-consideration-it","industry-agriculture-farming-it","department-finance-it","line_of_business-financial-planning-analysis-it"],"acf":[],"yoast_head":"<!-- This site is optimized with the Yoast SEO plugin v27.4 - https:\/\/yoast.com\/product\/yoast-seo-wordpress\/ -->\n<title>Modello di pianificazione integrata per la filiera agro-alimentare. L\u2019esperienza Apofruit<\/title>\n<meta name=\"description\" content=\"Preservare e monitorare il valore generato per i Soci della Cooperativa lungo tutta la filiera integrata: questo \u00e8 stato l\u2019obiettivo di Apofruit e per poterlo raggiungere \u00e8 stato sviluppato un processo collaborativo di definizione degli obiettivi economici, patrimoniali e finanziari. L\u2019esigenza di governare molteplici fattori, che influiscono sulla produttivit\u00e0 e sui risultati\" \/>\n<meta name=\"robots\" content=\"noindex, follow, max-snippet:-1, max-image-preview:large, max-video-preview:-1\" \/>\n<meta property=\"og:locale\" content=\"it_IT\" \/>\n<meta property=\"og:type\" content=\"article\" \/>\n<meta property=\"og:title\" content=\"Modello di pianificazione integrata per la filiera agro-alimentare. L\u2019esperienza Apofruit\" \/>\n<meta property=\"og:description\" content=\"Preservare e monitorare il valore generato per i Soci della Cooperativa lungo tutta la filiera integrata: questo \u00e8 stato l\u2019obiettivo di Apofruit e per poterlo raggiungere \u00e8 stato sviluppato un processo collaborativo di definizione degli obiettivi economici, patrimoniali e finanziari. L\u2019esigenza di governare molteplici fattori, che influiscono sulla produttivit\u00e0 e sui risultati\" \/>\n<meta property=\"og:url\" content=\"https:\/\/wwwstg.board.com\/it\/eventi-webinar\/modello-di-pianificazione-integrata-la-filiera-agro-alimentare-lesperienza\" \/>\n<meta property=\"og:site_name\" content=\"Board\" \/>\n<meta property=\"article:publisher\" content=\"https:\/\/www.facebook.com\/BOARD.International\" \/>\n<meta property=\"article:modified_time\" content=\"2025-06-25T10:56:21+00:00\" \/>\n<meta property=\"og:image\" content=\"https:\/\/wwwstg.board.com\/wp-content\/uploads\/2025\/02\/1200x627_board_webinar-with-apofruit-and-pwc_it.jpg\" \/>\n<meta name=\"twitter:card\" content=\"summary_large_image\" \/>\n<meta name=\"twitter:site\" content=\"@BOARDSoftware\" \/>\n<meta name=\"twitter:label1\" content=\"Tempo di lettura stimato\" \/>\n\t<meta name=\"twitter:data1\" content=\"2 minuti\" \/>\n<script type=\"application\/ld+json\" class=\"yoast-schema-graph\">{\"@context\":\"https:\\\/\\\/schema.org\",\"@graph\":[{\"@type\":\"WebPage\",\"@id\":\"https:\\\/\\\/wwwstg.board.com\\\/it\\\/eventi-webinar\\\/modello-di-pianificazione-integrata-la-filiera-agro-alimentare-lesperienza\",\"url\":\"https:\\\/\\\/wwwstg.board.com\\\/it\\\/eventi-webinar\\\/modello-di-pianificazione-integrata-la-filiera-agro-alimentare-lesperienza\",\"name\":\"Modello di pianificazione integrata per la filiera agro-alimentare. L\u2019esperienza Apofruit\",\"isPartOf\":{\"@id\":\"https:\\\/\\\/wwwstg.board.com\\\/it#website\"},\"primaryImageOfPage\":{\"@id\":\"https:\\\/\\\/wwwstg.board.com\\\/it\\\/eventi-webinar\\\/modello-di-pianificazione-integrata-la-filiera-agro-alimentare-lesperienza#primaryimage\"},\"image\":{\"@id\":\"https:\\\/\\\/wwwstg.board.com\\\/it\\\/eventi-webinar\\\/modello-di-pianificazione-integrata-la-filiera-agro-alimentare-lesperienza#primaryimage\"},\"thumbnailUrl\":\"https:\\\/\\\/wwwstg.board.com\\\/wp-content\\\/uploads\\\/2025\\\/02\\\/1280x800_wordpress_webinar-with-Apofruit-e-PwC.jpg\",\"datePublished\":\"2025-02-20T12:54:54+00:00\",\"dateModified\":\"2025-06-25T10:56:21+00:00\",\"description\":\"Preservare e monitorare il valore generato per i Soci della Cooperativa lungo tutta la filiera integrata: questo \u00e8 stato l\u2019obiettivo di Apofruit e per poterlo raggiungere \u00e8 stato sviluppato un processo collaborativo di definizione degli obiettivi economici, patrimoniali e finanziari. L\u2019esigenza di governare molteplici fattori, che influiscono sulla produttivit\u00e0 e sui risultati\",\"breadcrumb\":{\"@id\":\"https:\\\/\\\/wwwstg.board.com\\\/it\\\/eventi-webinar\\\/modello-di-pianificazione-integrata-la-filiera-agro-alimentare-lesperienza#breadcrumb\"},\"inLanguage\":\"it-IT\",\"potentialAction\":[{\"@type\":\"ReadAction\",\"target\":[\"https:\\\/\\\/wwwstg.board.com\\\/it\\\/eventi-webinar\\\/modello-di-pianificazione-integrata-la-filiera-agro-alimentare-lesperienza\"]}]},{\"@type\":\"ImageObject\",\"inLanguage\":\"it-IT\",\"@id\":\"https:\\\/\\\/wwwstg.board.com\\\/it\\\/eventi-webinar\\\/modello-di-pianificazione-integrata-la-filiera-agro-alimentare-lesperienza#primaryimage\",\"url\":\"https:\\\/\\\/wwwstg.board.com\\\/wp-content\\\/uploads\\\/2025\\\/02\\\/1280x800_wordpress_webinar-with-Apofruit-e-PwC.jpg\",\"contentUrl\":\"https:\\\/\\\/wwwstg.board.com\\\/wp-content\\\/uploads\\\/2025\\\/02\\\/1280x800_wordpress_webinar-with-Apofruit-e-PwC.jpg\",\"width\":1280,\"height\":800},{\"@type\":\"BreadcrumbList\",\"@id\":\"https:\\\/\\\/wwwstg.board.com\\\/it\\\/eventi-webinar\\\/modello-di-pianificazione-integrata-la-filiera-agro-alimentare-lesperienza#breadcrumb\",\"itemListElement\":[{\"@type\":\"ListItem\",\"position\":1,\"name\":\"Home\",\"item\":\"https:\\\/\\\/wwwstg.board.com\\\/it\"},{\"@type\":\"ListItem\",\"position\":2,\"name\":\"Events & Webinars\",\"item\":\"https:\\\/\\\/wwwstg.board.com\\\/it\\\/eventi-webinar\"},{\"@type\":\"ListItem\",\"position\":3,\"name\":\"Modello di pianificazione integrata per la filiera agro-alimentare. L\u2019esperienza Apofruit\"}]},{\"@type\":\"WebSite\",\"@id\":\"https:\\\/\\\/wwwstg.board.com\\\/it#website\",\"url\":\"https:\\\/\\\/wwwstg.board.com\\\/it\",\"name\":\"Board\",\"description\":\"The Enterprise Planning Platform\",\"publisher\":{\"@id\":\"https:\\\/\\\/wwwstg.board.com\\\/it#organization\"},\"potentialAction\":[{\"@type\":\"SearchAction\",\"target\":{\"@type\":\"EntryPoint\",\"urlTemplate\":\"https:\\\/\\\/wwwstg.board.com\\\/it?s={search_term_string}\"},\"query-input\":{\"@type\":\"PropertyValueSpecification\",\"valueRequired\":true,\"valueName\":\"search_term_string\"}}],\"inLanguage\":\"it-IT\"},{\"@type\":\"Organization\",\"@id\":\"https:\\\/\\\/wwwstg.board.com\\\/it#organization\",\"name\":\"Board\",\"url\":\"https:\\\/\\\/wwwstg.board.com\\\/it\",\"logo\":{\"@type\":\"ImageObject\",\"inLanguage\":\"it-IT\",\"@id\":\"https:\\\/\\\/wwwstg.board.com\\\/it#\\\/schema\\\/logo\\\/image\\\/\",\"url\":\"https:\\\/\\\/wwwstg.board.com\\\/wp-content\\\/uploads\\\/2024\\\/08\\\/board-footer-logo-grey-0-1.png\",\"contentUrl\":\"https:\\\/\\\/wwwstg.board.com\\\/wp-content\\\/uploads\\\/2024\\\/08\\\/board-footer-logo-grey-0-1.png\",\"width\":297,\"height\":103,\"caption\":\"Board\"},\"image\":{\"@id\":\"https:\\\/\\\/wwwstg.board.com\\\/it#\\\/schema\\\/logo\\\/image\\\/\"},\"sameAs\":[\"https:\\\/\\\/www.facebook.com\\\/BOARD.International\",\"https:\\\/\\\/x.com\\\/BOARDSoftware\",\"https:\\\/\\\/www.linkedin.com\\\/company\\\/board\\\/\",\"https:\\\/\\\/www.youtube.com\\\/user\\\/BOARDInternationalSA\",\"https:\\\/\\\/en.wikipedia.org\\\/wiki\\\/Board_International\"]},{\"@type\":\"Event\",\"@id\":\"https:\\\/\\\/wwwstg.board.com\\\/it\\\/eventi-webinar\\\/modello-di-pianificazione-integrata-la-filiera-agro-alimentare-lesperienza#event\",\"name\":\"Modello di pianificazione integrata per la filiera agro-alimentare. L\u2019esperienza Apofruit\",\"description\":\"On-demand webinar: Preservare e monitorare il valore generato per i Soci della Cooperativa lungo tutta la filiera integrata: questo \u00e8 stato l\u2019obiettivo di Apofruit e per poterlo raggiungere \u00e8 stato sviluppato un processo collaborativo di definizione degli obiettivi economici, patrimoniali e finanziari. L\u2019esigenza di governare molteplici fattori, che influiscono sulla produttivit\u00e0 e sui risultati\",\"organizer\":{\"@id\":\"https:\\\/\\\/wwwstg.board.com\\\/it#organization\"},\"url\":\"https:\\\/\\\/wwwstg.board.com\\\/it\\\/eventi-webinar\\\/modello-di-pianificazione-integrata-la-filiera-agro-alimentare-lesperienza\",\"image\":\"https:\\\/\\\/wwwstg.board.com\\\/wp-content\\\/uploads\\\/2025\\\/02\\\/1280x800_wordpress_webinar-with-Apofruit-e-PwC.jpg\",\"eventAttendanceMode\":\"OnlineEventAttendanceMode\",\"location\":{\"@type\":\"VirtualLocation\",\"name\":\"Virtual Location\",\"url\":\"https:\\\/\\\/wwwstg.board.com\\\/it\\\/eventi-webinar\\\/modello-di-pianificazione-integrata-la-filiera-agro-alimentare-lesperienza\"}}]}<\/script>\n<!-- \/ Yoast SEO plugin. -->","yoast_head_json":{"title":"Modello di pianificazione integrata per la filiera agro-alimentare. L\u2019esperienza Apofruit","description":"Preservare e monitorare il valore generato per i Soci della Cooperativa lungo tutta la filiera integrata: questo \u00e8 stato l\u2019obiettivo di Apofruit e per poterlo raggiungere \u00e8 stato sviluppato un processo collaborativo di definizione degli obiettivi economici, patrimoniali e finanziari. L\u2019esigenza di governare molteplici fattori, che influiscono sulla produttivit\u00e0 e sui risultati","robots":{"index":"noindex","follow":"follow","max-snippet":"max-snippet:-1","max-image-preview":"max-image-preview:large","max-video-preview":"max-video-preview:-1"},"og_locale":"it_IT","og_type":"article","og_title":"Modello di pianificazione integrata per la filiera agro-alimentare. L\u2019esperienza Apofruit","og_description":"Preservare e monitorare il valore generato per i Soci della Cooperativa lungo tutta la filiera integrata: questo \u00e8 stato l\u2019obiettivo di Apofruit e per poterlo raggiungere \u00e8 stato sviluppato un processo collaborativo di definizione degli obiettivi economici, patrimoniali e finanziari. L\u2019esigenza di governare molteplici fattori, che influiscono sulla produttivit\u00e0 e sui risultati","og_url":"https:\/\/wwwstg.board.com\/it\/eventi-webinar\/modello-di-pianificazione-integrata-la-filiera-agro-alimentare-lesperienza","og_site_name":"Board","article_publisher":"https:\/\/www.facebook.com\/BOARD.International","article_modified_time":"2025-06-25T10:56:21+00:00","og_image":[{"url":"https:\/\/wwwstg.board.com\/wp-content\/uploads\/2025\/02\/1200x627_board_webinar-with-apofruit-and-pwc_it.jpg","type":"","width":"","height":""}],"twitter_card":"summary_large_image","twitter_site":"@BOARDSoftware","twitter_misc":{"Tempo di lettura stimato":"2 minuti"},"schema":{"@context":"https:\/\/schema.org","@graph":[{"@type":"WebPage","@id":"https:\/\/wwwstg.board.com\/it\/eventi-webinar\/modello-di-pianificazione-integrata-la-filiera-agro-alimentare-lesperienza","url":"https:\/\/wwwstg.board.com\/it\/eventi-webinar\/modello-di-pianificazione-integrata-la-filiera-agro-alimentare-lesperienza","name":"Modello di pianificazione integrata per la filiera agro-alimentare. L\u2019esperienza Apofruit","isPartOf":{"@id":"https:\/\/wwwstg.board.com\/it#website"},"primaryImageOfPage":{"@id":"https:\/\/wwwstg.board.com\/it\/eventi-webinar\/modello-di-pianificazione-integrata-la-filiera-agro-alimentare-lesperienza#primaryimage"},"image":{"@id":"https:\/\/wwwstg.board.com\/it\/eventi-webinar\/modello-di-pianificazione-integrata-la-filiera-agro-alimentare-lesperienza#primaryimage"},"thumbnailUrl":"https:\/\/wwwstg.board.com\/wp-content\/uploads\/2025\/02\/1280x800_wordpress_webinar-with-Apofruit-e-PwC.jpg","datePublished":"2025-02-20T12:54:54+00:00","dateModified":"2025-06-25T10:56:21+00:00","description":"Preservare e monitorare il valore generato per i Soci della Cooperativa lungo tutta la filiera integrata: questo \u00e8 stato l\u2019obiettivo di Apofruit e per poterlo raggiungere \u00e8 stato sviluppato un processo collaborativo di definizione degli obiettivi economici, patrimoniali e finanziari. L\u2019esigenza di governare molteplici fattori, che influiscono sulla produttivit\u00e0 e sui risultati","breadcrumb":{"@id":"https:\/\/wwwstg.board.com\/it\/eventi-webinar\/modello-di-pianificazione-integrata-la-filiera-agro-alimentare-lesperienza#breadcrumb"},"inLanguage":"it-IT","potentialAction":[{"@type":"ReadAction","target":["https:\/\/wwwstg.board.com\/it\/eventi-webinar\/modello-di-pianificazione-integrata-la-filiera-agro-alimentare-lesperienza"]}]},{"@type":"ImageObject","inLanguage":"it-IT","@id":"https:\/\/wwwstg.board.com\/it\/eventi-webinar\/modello-di-pianificazione-integrata-la-filiera-agro-alimentare-lesperienza#primaryimage","url":"https:\/\/wwwstg.board.com\/wp-content\/uploads\/2025\/02\/1280x800_wordpress_webinar-with-Apofruit-e-PwC.jpg","contentUrl":"https:\/\/wwwstg.board.com\/wp-content\/uploads\/2025\/02\/1280x800_wordpress_webinar-with-Apofruit-e-PwC.jpg","width":1280,"height":800},{"@type":"BreadcrumbList","@id":"https:\/\/wwwstg.board.com\/it\/eventi-webinar\/modello-di-pianificazione-integrata-la-filiera-agro-alimentare-lesperienza#breadcrumb","itemListElement":[{"@type":"ListItem","position":1,"name":"Home","item":"https:\/\/wwwstg.board.com\/it"},{"@type":"ListItem","position":2,"name":"Events & Webinars","item":"https:\/\/wwwstg.board.com\/it\/eventi-webinar"},{"@type":"ListItem","position":3,"name":"Modello di pianificazione integrata per la filiera agro-alimentare. L\u2019esperienza Apofruit"}]},{"@type":"WebSite","@id":"https:\/\/wwwstg.board.com\/it#website","url":"https:\/\/wwwstg.board.com\/it","name":"Board","description":"The Enterprise Planning Platform","publisher":{"@id":"https:\/\/wwwstg.board.com\/it#organization"},"potentialAction":[{"@type":"SearchAction","target":{"@type":"EntryPoint","urlTemplate":"https:\/\/wwwstg.board.com\/it?s={search_term_string}"},"query-input":{"@type":"PropertyValueSpecification","valueRequired":true,"valueName":"search_term_string"}}],"inLanguage":"it-IT"},{"@type":"Organization","@id":"https:\/\/wwwstg.board.com\/it#organization","name":"Board","url":"https:\/\/wwwstg.board.com\/it","logo":{"@type":"ImageObject","inLanguage":"it-IT","@id":"https:\/\/wwwstg.board.com\/it#\/schema\/logo\/image\/","url":"https:\/\/wwwstg.board.com\/wp-content\/uploads\/2024\/08\/board-footer-logo-grey-0-1.png","contentUrl":"https:\/\/wwwstg.board.com\/wp-content\/uploads\/2024\/08\/board-footer-logo-grey-0-1.png","width":297,"height":103,"caption":"Board"},"image":{"@id":"https:\/\/wwwstg.board.com\/it#\/schema\/logo\/image\/"},"sameAs":["https:\/\/www.facebook.com\/BOARD.International","https:\/\/x.com\/BOARDSoftware","https:\/\/www.linkedin.com\/company\/board\/","https:\/\/www.youtube.com\/user\/BOARDInternationalSA","https:\/\/en.wikipedia.org\/wiki\/Board_International"]},{"@type":"Event","@id":"https:\/\/wwwstg.board.com\/it\/eventi-webinar\/modello-di-pianificazione-integrata-la-filiera-agro-alimentare-lesperienza#event","name":"Modello di pianificazione integrata per la filiera agro-alimentare. L\u2019esperienza Apofruit","description":"On-demand webinar: Preservare e monitorare il valore generato per i Soci della Cooperativa lungo tutta la filiera integrata: questo \u00e8 stato l\u2019obiettivo di Apofruit e per poterlo raggiungere \u00e8 stato sviluppato un processo collaborativo di definizione degli obiettivi economici, patrimoniali e finanziari. L\u2019esigenza di governare molteplici fattori, che influiscono sulla produttivit\u00e0 e sui risultati","organizer":{"@id":"https:\/\/wwwstg.board.com\/it#organization"},"url":"https:\/\/wwwstg.board.com\/it\/eventi-webinar\/modello-di-pianificazione-integrata-la-filiera-agro-alimentare-lesperienza","image":"https:\/\/wwwstg.board.com\/wp-content\/uploads\/2025\/02\/1280x800_wordpress_webinar-with-Apofruit-e-PwC.jpg","eventAttendanceMode":"OnlineEventAttendanceMode","location":{"@type":"VirtualLocation","name":"Virtual Location","url":"https:\/\/wwwstg.board.com\/it\/eventi-webinar\/modello-di-pianificazione-integrata-la-filiera-agro-alimentare-lesperienza"}}]}},"_links":{"self":[{"href":"https:\/\/wwwstg.board.com\/it\/wp-json\/wp\/v2\/events-webinars\/40140","targetHints":{"allow":["GET"]}}],"collection":[{"href":"https:\/\/wwwstg.board.com\/it\/wp-json\/wp\/v2\/events-webinars"}],"about":[{"href":"https:\/\/wwwstg.board.com\/it\/wp-json\/wp\/v2\/types\/events-webinars"}],"author":[{"embeddable":true,"href":"https:\/\/wwwstg.board.com\/it\/wp-json\/wp\/v2\/users\/1"}],"version-history":[{"count":0,"href":"https:\/\/wwwstg.board.com\/it\/wp-json\/wp\/v2\/events-webinars\/40140\/revisions"}],"wp:featuredmedia":[{"embeddable":true,"href":"https:\/\/wwwstg.board.com\/it\/wp-json\/wp\/v2\/media\/92293"}],"wp:attachment":[{"href":"https:\/\/wwwstg.board.com\/it\/wp-json\/wp\/v2\/media?parent=40140"}],"wp:term":[{"taxonomy":"event-type","embeddable":true,"href":"https:\/\/wwwstg.board.com\/it\/wp-json\/wp\/v2\/event-type?post=40140"},{"taxonomy":"event-language","embeddable":true,"href":"https:\/\/wwwstg.board.com\/it\/wp-json\/wp\/v2\/event-language?post=40140"},{"taxonomy":"event-country","embeddable":true,"href":"https:\/\/wwwstg.board.com\/it\/wp-json\/wp\/v2\/event-country?post=40140"},{"taxonomy":"decisional-phase","embeddable":true,"href":"https:\/\/wwwstg.board.com\/it\/wp-json\/wp\/v2\/decisional-phase?post=40140"},{"taxonomy":"industry","embeddable":true,"href":"https:\/\/wwwstg.board.com\/it\/wp-json\/wp\/v2\/industry?post=40140"},{"taxonomy":"department","embeddable":true,"href":"https:\/\/wwwstg.board.com\/it\/wp-json\/wp\/v2\/department?post=40140"},{"taxonomy":"line_of_business","embeddable":true,"href":"https:\/\/wwwstg.board.com\/it\/wp-json\/wp\/v2\/line_of_business?post=40140"}],"curies":[{"name":"wp","href":"https:\/\/api.w.org\/{rel}","templated":true}]}}