{"id":9283,"date":"2024-07-31T12:06:39","date_gmt":"2024-07-31T12:06:39","guid":{"rendered":"https:\/\/www.board.com\/politique-de-confidentialite\/"},"modified":"2025-01-31T07:34:51","modified_gmt":"2025-01-31T07:34:51","slug":"privacy-policy","status":"publish","type":"page","link":"https:\/\/wwwstg.board.com\/fr\/privacy-policy","title":{"rendered":"Politique de confidentialit\u00e9"},"content":{"rendered":"\t<section id=\"block_cd753fb9193e68640acd2ee4ee1da5fe-\" class=\"block block--spc columns-block \">\n\t\t<div class=\"container position-relative\">\n\t\t\t<div class=\"columns-block-row\">\n\t\t\t\t\t\t\t\t\n\t<div id=\"block_ea3f852255f9300d857b90fa4c7a71d1\" class=\"column-content   text-start align-self-start\">\n\t\t\n\n<h1 class=\"wp-block-heading\">Politique de confidentialit\u00e9<\/h1>\n\n\n\n<p>Le r\u00e8glement g\u00e9n\u00e9ral sur la protection des donn\u00e9es (\u00ab <strong>RGPD<\/strong> \u00bb), entr\u00e9 en vigueur le 25 mai 2018, et la loi f\u00e9d\u00e9rale suisse sur la protection des donn\u00e9es visent \u00e0 garantir que les donn\u00e9es personnelles des personnes physiques sont trait\u00e9es dans le respect des droits, des libert\u00e9s fondamentales et de la dignit\u00e9 des personnes, en particulier en ce qui concerne la confidentialit\u00e9 et l&rsquo;identit\u00e9 personnelle. Board International SA et ses filiales (\u00ab <strong>Board<\/strong> \u00bb ou le \u00ab <strong>Responsable du traitement<\/strong> \u00bb), accordent une attention particuli\u00e8re \u00e0 la mani\u00e8re dont les informations personnelles sont utilis\u00e9es et partag\u00e9es et il est donc important de vous informer de la politique de confidentialit\u00e9 adopt\u00e9e. <\/p>\n\n\n\n<p>Le traitement des donn\u00e9es \u00e0 caract\u00e8re personnel d\u00e9signe la collecte, l&rsquo;enregistrement, l&rsquo;organisation, la conservation, le traitement, la modification, la s\u00e9lection, l&rsquo;extraction, la comparaison, l&rsquo;utilisation, la divulgation, l&rsquo;effacement, la distribution, l&rsquo;interconnexion et tout autre traitement utile \u00e0 l&rsquo;ex\u00e9cution du service sp\u00e9cifique demand\u00e9 (le \u00ab <strong>Service<\/strong> \u00bb).<\/p>\n\n\n\n<h2 class=\"wp-block-heading\">1. Donn\u00e9es personnelles que nous collectons<\/h2>\n\n\n\n<p>1.1 Board recueille les informations personnelles fournies par les utilisateurs :<\/p>\n\n\n\n<ol class=\"wp-block-list\">\n<li>Lors de l&rsquo;envoi des formulaires de contact sur le site wwwstg.board.com (le \u00ab Site \u00bb) (par exemple, relatifs aux rubriques \u00ab Carri\u00e8res \u00bb, \u00ab D\u00e9mo gratuite \u00bb, \u00ab Formation et support \u00bb ou \u00ab <strong>\u00c9v\u00e9nements<\/strong> \u00bb) ;<\/li>\n\n\n\n<li>pour la prestation de services de Board ;<\/li>\n\n\n\n<li>pour le support produit ;<\/li>\n\n\n\n<li>pour assister \u00e0 des r\u00e9unions et fournir des services connect\u00e9s ; ou<\/li>\n\n\n\n<li>pour administrer des cours en ligne, des tests et pour d\u00e9livrer des certifications.<\/li>\n<\/ol>\n\n\n\n<p>1.2 En particulier, les donn\u00e9es \u00e0 caract\u00e8re personnel trait\u00e9es par Board comprennent, entre autres, les donn\u00e9es suivantes :<\/p>\n\n\n\n<ul class=\"wp-block-list\">\n<li>le nom, le pr\u00e9nom et l&rsquo;intitul\u00e9 du poste ou les coordonn\u00e9es, y compris l&rsquo;adresse e-mail et le num\u00e9ro de t\u00e9l\u00e9phone ;<\/li>\n\n\n\n<li>des informations personnelles telles que l&rsquo;adresse, le code postal, le pays ;<\/li>\n\n\n\n<li>d&rsquo;autres informations relatives aux enqu\u00eates ou aux offres envoy\u00e9es aux utilisateurs.<\/li>\n<\/ul>\n\n\n\n<p>Ces informations entrent dans la d\u00e9finition des donn\u00e9es \u00e0 caract\u00e8re personnel, c&rsquo;est-\u00e0-dire toute information concernant une personne physique identifi\u00e9e ou identifiable (la \u00ab <strong>Personne concern\u00e9e<\/strong> \u00bb) ; identifiable d\u00e9signe les personnes physiques qui peuvent \u00eatre identifi\u00e9es, directement ou indirectement, en se r\u00e9f\u00e9rant notamment \u00e0 des donn\u00e9es telles que le nom, le num\u00e9ro d&rsquo;identification, des donn\u00e9es relatives \u00e0 leur localisation, un identifiant en ligne ou un ou plusieurs \u00e9l\u00e9ments caract\u00e9ristiques de son identit\u00e9 physique, physiologique, g\u00e9n\u00e9tique, mentale, \u00e9conomique, culturelle ou sociale (les \u00ab <strong>Donn\u00e9es personnelles<\/strong> \u00bb).<\/p>\n\n\n\n<p>1.3 Le site Web utilise des cookies, comme d\u00e9crit plus en d\u00e9tail dans la Politique de cookies.<\/p>\n\n\n\n<h2 class=\"wp-block-heading\">2. Finalit\u00e9s du traitement<\/h2>\n\n\n\n<p>2.1 Les Donn\u00e9es personnelles que vous fournissez au moment de votre inscription au Service, ou que vous avez acquises d&rsquo;une autre mani\u00e8re au cours des activit\u00e9s que nous effectuons, peuvent \u00eatre trait\u00e9es, \u00e0 des fins li\u00e9es aux dispositions du Service et, par exemple, pour r\u00e9pondre aux demandes que vous envoyez \u00e0 Board (par exemple, pour envoyer des documents d&rsquo;information, pour \u00eatre des contacts ou pour une d\u00e9mo ou une offre de vente, etc.). Vous pouvez vous opposer \u00e0 tout moment \u00e0 l&rsquo;envoi d&rsquo;e-mails. <\/p>\n\n\n\n<p>2.2 Les donn\u00e9es personnelles que vous fournissez peuvent \u00e9galement \u00eatre trait\u00e9es pour assurer la s\u00e9curit\u00e9 en ligne du site Web et des services de Board, et pour se conformer aux lois, r\u00e9glementations, ordonnances des tribunaux, demandes gouvernementales et des forces de l&rsquo;ordre applicables, pour enqu\u00eater sur les incidents de s\u00e9curit\u00e9 et de confidentialit\u00e9 et pour g\u00e9rer tout litige avec les clients.<\/p>\n\n\n\n<p>2.3 Vos Donn\u00e9es personnelles seront utilis\u00e9es pour envoyer p\u00e9riodiquement des e-mails promotionnels (en utilisant l&rsquo;adresse e-mail que vous avez fournie), lorsque vous acceptez la pr\u00e9sente Politique de confidentialit\u00e9 lors de l&rsquo;envoi du formulaire. Ces e-mails peuvent concerner de nouveaux produits, des \u00e9v\u00e9nements, des offres sp\u00e9ciales ou d&rsquo;autres informations que Board pense susceptibles de vous int\u00e9resser. Les communications ci-dessus  <\/p>\n\n\n\n<p>peuvent \u00e9galement vous \u00eatre envoy\u00e9es par des tiers au sein du groupe Board auxquels Board peut fournir les donn\u00e9es personnelles que vous avez fournies.<\/p>\n\n\n\n<p>2.3 Vos Donn\u00e9es personnelles peuvent \u00e9galement \u00eatre utilis\u00e9es \u00e0 des fins de profilage, par l&rsquo;utilisation de cookies et apr\u00e8s acceptation en ce sens par vous. L&rsquo;acceptation de l&rsquo;utilisation des cookies est donn\u00e9e au d\u00e9but en cliquant sur \u00ab Accepter les cookies \u00bb et en fermant la banni\u00e8re, comme expliqu\u00e9 plus en d\u00e9tail dans la Politique de cookies. <\/p>\n\n\n\n<h2 class=\"wp-block-heading\">3. Modalit\u00e9s de traitement<\/h2>\n\n\n\n<p>3.1 Vos Donn\u00e9es personnelles sont collect\u00e9es par les parties vis\u00e9es \u00e0 l&rsquo;article 6 de la pr\u00e9sente Politique de confidentialit\u00e9, et le traitement y aff\u00e9rent est effectu\u00e9 \u00e0 l&rsquo;aide d&rsquo;instruments automatis\u00e9s manuels ou informatis\u00e9s dont la logique est strictement li\u00e9e aux finalit\u00e9s d\u00e9crites ci-dessus et, dans tous les cas, pour garantir la s\u00e9curit\u00e9 et la confidentialit\u00e9 des Donn\u00e9es personnelles.<\/p>\n\n\n\n<h2 class=\"wp-block-heading\">4. Base juridique du traitement des Donn\u00e9es personnelles<\/h2>\n\n\n\n<p>4.1 Conform\u00e9ment au RGPD, Board traite les Donn\u00e9es personnelles sur plusieurs bases juridiques diff\u00e9rentes, comme suit :<\/p>\n\n\n\n<ul class=\"wp-block-list\">\n<li>Pour ex\u00e9cuter et g\u00e9rer le contrat avec vous : lors de la conclusion d&rsquo;un accord avec Board, Board traite les Donn\u00e9es personnelles pour fournir les Services et g\u00e9rer la relation contractuelle.<\/li>\n\n\n\n<li>Pour se conformer aux obligations l\u00e9gales : Board traite vos Donn\u00e9es personnelles pour se conformer aux lois ou aux exigences r\u00e9glementaires applicables, et pour r\u00e9pondre aux demandes l\u00e9gales, aux ordonnances du tribunal et aux proc\u00e9dures judiciaires.<\/li>\n\n\n\n<li>Sur la base de nos int\u00e9r\u00eats l\u00e9gitimes : Board traite les Donn\u00e9es personnelles pour envoyer des communications ou des bulletins d&rsquo;information li\u00e9s aux produits et\/ou services concern\u00e9s.<\/li>\n\n\n\n<li>Sur la base de votre consentement : dans certaines situations, Board traite les Donn\u00e9es personnelles sur la base de votre consentement. Vous avez le droit de retirer votre consentement \u00e0 tout moment. <\/li>\n<\/ul>\n\n\n\n<p>4.2 La fourniture de Donn\u00e9es personnelles par vous lors de l&rsquo;envoi des formulaires de contact est absolument facultative et ne repr\u00e9sente pas une obligation l\u00e9gale.<\/p>\n\n\n\n<p>4.3 En ce qui concerne les effets de la non-acceptation ou de la d\u00e9sactivation des cookies, veuillez vous r\u00e9f\u00e9rer aux termes de la Politique de cookies.<\/p>\n\n\n\n<h2 class=\"wp-block-heading\">5. Cat\u00e9gories de personnes auxquelles les Donn\u00e9es personnelles peuvent \u00eatre divulgu\u00e9es<\/h2>\n\n\n\n<p>5.1 Les Donn\u00e9es personnelles collect\u00e9es aux fins de la fourniture du Service en vertu de la clause 2 peuvent \u00eatre divulgu\u00e9es \u00e0 des soci\u00e9t\u00e9s exer\u00e7ant des activit\u00e9s strictement li\u00e9es et instrumentales \u00e0 la fourniture du Service. Ces Donn\u00e9es personnelles peuvent \u00eatre transf\u00e9r\u00e9es \u00e0 des soci\u00e9t\u00e9s associ\u00e9es et\/ou \u00e0 des soci\u00e9t\u00e9s au sein du groupe Board ou \u00e0 des tiers m\u00eame situ\u00e9s en dehors de l&rsquo;Union europ\u00e9enne, lorsque les garanties appropri\u00e9es (garantie d&rsquo;un niveau de protection appropri\u00e9) sont en place et d\u00e9finies par la Commission europ\u00e9enne. <\/p>\n\n\n\n<p>5.2 Les Donn\u00e9es personnelles collect\u00e9es aux fins \u00e9num\u00e9r\u00e9es \u00e0 l&rsquo;article 2 peuvent \u00eatre transf\u00e9r\u00e9es \u00e0 des tiers au sein du groupe Board et\/ou \u00e0 d&rsquo;autres tiers (situ\u00e9s \u00e0 l&rsquo;int\u00e9rieur ou \u00e0 l&rsquo;ext\u00e9rieur de l&rsquo;Union europ\u00e9enne), \u00e9galement \u00e0 des fins de vente ou de tentative de vente, c&rsquo;est-\u00e0-dire \u00e0 toutes fins de nature commerciale et\/ou statistique licite. La liste des tiers auxquels vos Donn\u00e9es personnelles ont \u00e9t\u00e9 divulgu\u00e9es peut \u00eatre demand\u00e9e \u00e0 Board \u00e0 l&rsquo;adresse e-mail indiqu\u00e9e \u00e0 la clause 7.4. <\/p>\n\n\n\n<h2 class=\"wp-block-heading\">6. Responsable du traitement, sous-traitants et repr\u00e9sentants<\/h2>\n\n\n\n<p>Responsable du traitement ou Responsable d\u00e9signe la personne physique ou morale, l&rsquo;autorit\u00e9 publique, le service ou tout autre organisme qui, individuellement ou avec d&rsquo;autres, d\u00e9termine les finalit\u00e9s et les moyens du traitement des Donn\u00e9es personnelles ; lorsque les finalit\u00e9s et les moyens du traitement sont d\u00e9termin\u00e9s par la loi de l&rsquo;Union europ\u00e9enne et des \u00c9tats membres, le responsable du traitement ou les crit\u00e8res sp\u00e9cifiques applicables \u00e0 sa nomination peuvent \u00eatre \u00e9tablis par le droit de l&rsquo;Union europ\u00e9enne et des \u00c9tats membres ;<\/p>\n\n\n\n<p>6.1. Les Responsables du traitement sont Board International SA, dont le si\u00e8ge social est situ\u00e9 Via Maestri Comacini 4, Chiasso, Tessin 6830, Suisse, et les autres soci\u00e9t\u00e9s du groupe Board qui travaillent de mani\u00e8re autonome et ind\u00e9pendante dans le traitement des Donn\u00e9es personnelles.<\/p>\n\n\n\n<p>6.2 Les Responsables du traitement d\u00e9signent des Sous-traitants externes pour atteindre les objectifs sp\u00e9cifi\u00e9s \u00e0 la clause 2. Il est possible de demander une liste compl\u00e8te des Sous-traitants externes en envoyant un e-mail \u00e0 l&rsquo;adresse e-mail indiqu\u00e9e \u00e0 la clause 7.4 de la pr\u00e9sente politique. <\/p>\n\n\n\n<p>6.3 Les Responsables du traitement ont d\u00e9sign\u00e9 leurs propres employ\u00e9s et collaborateurs pour traiter les donn\u00e9es.<\/p>\n\n\n\n<p>6.4 Les personnes concern\u00e9es peuvent exercer leurs droits \u00e0 l&rsquo;\u00e9gard de chaque Responsable du traitement.<\/p>\n\n\n\n<h2 class=\"wp-block-heading\">7. Droits des Personnes concern\u00e9es<\/h2>\n\n\n\n<p>7.1 Vous avez le droit, \u00e0 tout moment, d&rsquo;obtenir du Responsable du traitement la confirmation que des Donn\u00e9es personnelles vous concernant sont trait\u00e9es ou non, d&rsquo;en conna\u00eetre l&rsquo;origine, les finalit\u00e9s et les modalit\u00e9s de traitement ; vous avez \u00e9galement le droit de demander la mise \u00e0 jour, la rectification, l&rsquo;int\u00e9gration, l&rsquo;effacement, la transformation sous forme anonyme, la suspension de toutes les donn\u00e9es trait\u00e9es en violation de la l\u00e9gislation applicable, y compris celles qui ne sont plus n\u00e9cessaires pour poursuivre les finalit\u00e9s pour lesquelles elles ont \u00e9t\u00e9 collect\u00e9es et\/ou trait\u00e9es ult\u00e9rieurement.<\/p>\n\n\n\n<p>7.2 Vous avez le droit de vous opposer, en tout ou en partie, au traitement de vos Donn\u00e9es personnelles pour des raisons l\u00e9gitimes, m\u00eame si celles-ci restent pertinentes au regard de la finalit\u00e9 pour laquelle elles ont \u00e9t\u00e9 collect\u00e9es, et au traitement de vos Donn\u00e9es personnelles \u00e0 des fins d&rsquo;information commerciale, d&rsquo;envoi ou de publicit\u00e9 ou de vente directe, ou pour l&rsquo;ex\u00e9cution d&rsquo;\u00e9tudes de march\u00e9 ou de communication commerciale.<\/p>\n\n\n\n<p>7.3 Vous avez le droit de recevoir vos Donn\u00e9es personnelles dans un format structur\u00e9, couramment utilis\u00e9 et lisible par machine, et de transmettre ces donn\u00e9es \u00e0 un autre responsable du traitement.<\/p>\n\n\n\n<p>7.4 Pour exercer vos droits, veuillez \u00e9crire \u00e0 l&rsquo;adresse e-mail sp\u00e9cifique : <a href=\"mailto:privacy@board.com\">privacy@board.com<\/a>.<\/p>\n\n\n\n<p>7.5 Veuillez noter que vous avez \u00e9galement le droit d&rsquo;introduire une plainte aupr\u00e8s de l&rsquo;autorit\u00e9 de contr\u00f4le comp\u00e9tente.<\/p>\n\n\n\n<p>7.6 Si vous ne souhaitez plus recevoir de communications par e-mail de la part de Board et que vous souhaitez vous d\u00e9sabonner de la newsletter, vous pouvez le faire en cliquant sur le lien \u00ab se d\u00e9sabonner \u00bb au bas de chaque e-mail envoy\u00e9 par Board.<\/p>\n\n\n\n<h2 class=\"wp-block-heading\">8. P\u00e9riode de traitement des Donn\u00e9es personnelles<\/h2>\n\n\n\n<p>8.1 Vos Donn\u00e9es personnelles seront conserv\u00e9es sur support papier et\/ou \u00e9lectronique\/informatique\/optique pendant le temps strictement n\u00e9cessaire aux finalit\u00e9s indiqu\u00e9es \u00e0 la clause 2, dans le respect des lois applicables et\/ou de la relation contractuelle. Board a d\u00e9fini la dur\u00e9e sp\u00e9cifique de conservation des Donn\u00e9es personnelles pour chaque type de Donn\u00e9es personnelles collect\u00e9es. \u00c0 l&rsquo;issue de ces p\u00e9riodes, Board effacera d\u00e9finitivement vos Donn\u00e9es personnelles.  <\/p>\n\n\n\n<p>9. Modifications<\/p>\n\n\n\n<p>9.1 La pr\u00e9sente Politique de confidentialit\u00e9 peut faire l&rsquo;objet de modifications. Si des modifications substantielles sont apport\u00e9es \u00e0 l&rsquo;utilisation de vos Donn\u00e9es personnelles, Board vous en informera en publiant un avis sur le site Web et\/ou en vous envoyant un e-mail. <\/p>\n\n\n\n<h2 class=\"wp-block-heading\">10. Contacts<\/h2>\n\n\n\n<p>Pour toute information ou demande relative \u00e0 la pr\u00e9sente Politique de confidentialit\u00e9, veuillez nous contacter (Board International, Via Maestri Comacini 4, Chiasso, Tessin 6830, Suisse) \u00e0 l&rsquo;adresse e-mail <a style=\"pointer-events: none;\" href=\"mailto:privacy@board.com\">privacy@board.com<\/a>.<\/p>\n\n\n\t<\/div>\n\n\n\t\t\t<\/div>\n\t\t<\/div>\n\t<\/section>\n\n\t","protected":false},"excerpt":{"rendered":"","protected":false},"author":5,"featured_media":0,"parent":0,"menu_order":0,"comment_status":"closed","ping_status":"open","template":"","meta":{"_acf_changed":false,"_themeisle_gutenberg_block_has_review":false,"footnotes":""},"line_of_business":[4385],"page_score_tier":[],"class_list":["post-9283","page","type-page","status-publish","hentry","line_of_business-not-assigned-fr"],"acf":[],"yoast_head":"<!-- This site is optimized with the Yoast SEO plugin v27.4 - https:\/\/yoast.com\/product\/yoast-seo-wordpress\/ -->\n<title>Politique de confidentialit\u00e9<\/title>\n<meta name=\"description\" content=\"Privacy Policy The General Data Protection Regulation (\u201cGDPR\u201d), which came into force on 25 May 2018, and the Swiss Federal Act on Data...\" \/>\n<meta name=\"robots\" content=\"noindex, follow, max-snippet:-1, max-image-preview:large, max-video-preview:-1\" \/>\n<meta property=\"og:locale\" content=\"fr_FR\" \/>\n<meta property=\"og:type\" content=\"article\" \/>\n<meta property=\"og:title\" content=\"Politique de confidentialit\u00e9\" \/>\n<meta property=\"og:description\" content=\"Privacy Policy The General Data Protection Regulation (\u201cGDPR\u201d), which came into force on 25 May 2018, and the Swiss Federal Act on Data...\" \/>\n<meta property=\"og:url\" content=\"https:\/\/wwwstg.board.com\/fr\/privacy-policy\" \/>\n<meta property=\"og:site_name\" content=\"Board\" \/>\n<meta property=\"article:publisher\" content=\"https:\/\/www.facebook.com\/BOARD.International\" \/>\n<meta property=\"article:modified_time\" content=\"2025-01-31T07:34:51+00:00\" \/>\n<meta name=\"twitter:card\" content=\"summary_large_image\" \/>\n<meta name=\"twitter:site\" content=\"@BOARDSoftware\" \/>\n<meta name=\"twitter:label1\" content=\"Dur\u00e9e de lecture estim\u00e9e\" \/>\n\t<meta name=\"twitter:data1\" content=\"8 minutes\" \/>\n<script type=\"application\/ld+json\" class=\"yoast-schema-graph\">{\"@context\":\"https:\\\/\\\/schema.org\",\"@graph\":[{\"@type\":\"WebPage\",\"@id\":\"https:\\\/\\\/wwwstg.board.com\\\/fr\\\/privacy-policy\",\"url\":\"https:\\\/\\\/wwwstg.board.com\\\/fr\\\/privacy-policy\",\"name\":\"Politique de confidentialit\u00e9\",\"isPartOf\":{\"@id\":\"https:\\\/\\\/wwwstg.board.com\\\/fr#website\"},\"datePublished\":\"2024-07-31T12:06:39+00:00\",\"dateModified\":\"2025-01-31T07:34:51+00:00\",\"description\":\"Privacy Policy The General Data Protection Regulation (\u201cGDPR\u201d), which came into force on 25 May 2018, and the Swiss Federal Act on Data...\",\"breadcrumb\":{\"@id\":\"https:\\\/\\\/wwwstg.board.com\\\/fr\\\/privacy-policy#breadcrumb\"},\"inLanguage\":\"fr-FR\",\"potentialAction\":[{\"@type\":\"ReadAction\",\"target\":[\"https:\\\/\\\/wwwstg.board.com\\\/fr\\\/privacy-policy\"]}]},{\"@type\":\"BreadcrumbList\",\"@id\":\"https:\\\/\\\/wwwstg.board.com\\\/fr\\\/privacy-policy#breadcrumb\",\"itemListElement\":[{\"@type\":\"ListItem\",\"position\":1,\"name\":\"Home\",\"item\":\"https:\\\/\\\/wwwstg.board.com\\\/fr\"},{\"@type\":\"ListItem\",\"position\":2,\"name\":\"Politique de confidentialit\u00e9\"}]},{\"@type\":\"WebSite\",\"@id\":\"https:\\\/\\\/wwwstg.board.com\\\/fr#website\",\"url\":\"https:\\\/\\\/wwwstg.board.com\\\/fr\",\"name\":\"Board\",\"description\":\"The Enterprise Planning Platform\",\"publisher\":{\"@id\":\"https:\\\/\\\/wwwstg.board.com\\\/fr#organization\"},\"potentialAction\":[{\"@type\":\"SearchAction\",\"target\":{\"@type\":\"EntryPoint\",\"urlTemplate\":\"https:\\\/\\\/wwwstg.board.com\\\/fr?s={search_term_string}\"},\"query-input\":{\"@type\":\"PropertyValueSpecification\",\"valueRequired\":true,\"valueName\":\"search_term_string\"}}],\"inLanguage\":\"fr-FR\"},{\"@type\":\"Organization\",\"@id\":\"https:\\\/\\\/wwwstg.board.com\\\/fr#organization\",\"name\":\"Board\",\"url\":\"https:\\\/\\\/wwwstg.board.com\\\/fr\",\"logo\":{\"@type\":\"ImageObject\",\"inLanguage\":\"fr-FR\",\"@id\":\"https:\\\/\\\/wwwstg.board.com\\\/fr#\\\/schema\\\/logo\\\/image\\\/\",\"url\":\"https:\\\/\\\/wwwstg.board.com\\\/wp-content\\\/uploads\\\/2024\\\/08\\\/board-footer-logo-grey-0-1.png\",\"contentUrl\":\"https:\\\/\\\/wwwstg.board.com\\\/wp-content\\\/uploads\\\/2024\\\/08\\\/board-footer-logo-grey-0-1.png\",\"width\":297,\"height\":103,\"caption\":\"Board\"},\"image\":{\"@id\":\"https:\\\/\\\/wwwstg.board.com\\\/fr#\\\/schema\\\/logo\\\/image\\\/\"},\"sameAs\":[\"https:\\\/\\\/www.facebook.com\\\/BOARD.International\",\"https:\\\/\\\/x.com\\\/BOARDSoftware\",\"https:\\\/\\\/www.linkedin.com\\\/company\\\/board\\\/\",\"https:\\\/\\\/www.youtube.com\\\/user\\\/BOARDInternationalSA\",\"https:\\\/\\\/en.wikipedia.org\\\/wiki\\\/Board_International\"]}]}<\/script>\n<!-- \/ Yoast SEO plugin. -->","yoast_head_json":{"title":"Politique de confidentialit\u00e9","description":"Privacy Policy The General Data Protection Regulation (\u201cGDPR\u201d), which came into force on 25 May 2018, and the Swiss Federal Act on Data...","robots":{"index":"noindex","follow":"follow","max-snippet":"max-snippet:-1","max-image-preview":"max-image-preview:large","max-video-preview":"max-video-preview:-1"},"og_locale":"fr_FR","og_type":"article","og_title":"Politique de confidentialit\u00e9","og_description":"Privacy Policy The General Data Protection Regulation (\u201cGDPR\u201d), which came into force on 25 May 2018, and the Swiss Federal Act on Data...","og_url":"https:\/\/wwwstg.board.com\/fr\/privacy-policy","og_site_name":"Board","article_publisher":"https:\/\/www.facebook.com\/BOARD.International","article_modified_time":"2025-01-31T07:34:51+00:00","twitter_card":"summary_large_image","twitter_site":"@BOARDSoftware","twitter_misc":{"Dur\u00e9e de lecture estim\u00e9e":"8 minutes"},"schema":{"@context":"https:\/\/schema.org","@graph":[{"@type":"WebPage","@id":"https:\/\/wwwstg.board.com\/fr\/privacy-policy","url":"https:\/\/wwwstg.board.com\/fr\/privacy-policy","name":"Politique de confidentialit\u00e9","isPartOf":{"@id":"https:\/\/wwwstg.board.com\/fr#website"},"datePublished":"2024-07-31T12:06:39+00:00","dateModified":"2025-01-31T07:34:51+00:00","description":"Privacy Policy The General Data Protection Regulation (\u201cGDPR\u201d), which came into force on 25 May 2018, and the Swiss Federal Act on Data...","breadcrumb":{"@id":"https:\/\/wwwstg.board.com\/fr\/privacy-policy#breadcrumb"},"inLanguage":"fr-FR","potentialAction":[{"@type":"ReadAction","target":["https:\/\/wwwstg.board.com\/fr\/privacy-policy"]}]},{"@type":"BreadcrumbList","@id":"https:\/\/wwwstg.board.com\/fr\/privacy-policy#breadcrumb","itemListElement":[{"@type":"ListItem","position":1,"name":"Home","item":"https:\/\/wwwstg.board.com\/fr"},{"@type":"ListItem","position":2,"name":"Politique de confidentialit\u00e9"}]},{"@type":"WebSite","@id":"https:\/\/wwwstg.board.com\/fr#website","url":"https:\/\/wwwstg.board.com\/fr","name":"Board","description":"The Enterprise Planning Platform","publisher":{"@id":"https:\/\/wwwstg.board.com\/fr#organization"},"potentialAction":[{"@type":"SearchAction","target":{"@type":"EntryPoint","urlTemplate":"https:\/\/wwwstg.board.com\/fr?s={search_term_string}"},"query-input":{"@type":"PropertyValueSpecification","valueRequired":true,"valueName":"search_term_string"}}],"inLanguage":"fr-FR"},{"@type":"Organization","@id":"https:\/\/wwwstg.board.com\/fr#organization","name":"Board","url":"https:\/\/wwwstg.board.com\/fr","logo":{"@type":"ImageObject","inLanguage":"fr-FR","@id":"https:\/\/wwwstg.board.com\/fr#\/schema\/logo\/image\/","url":"https:\/\/wwwstg.board.com\/wp-content\/uploads\/2024\/08\/board-footer-logo-grey-0-1.png","contentUrl":"https:\/\/wwwstg.board.com\/wp-content\/uploads\/2024\/08\/board-footer-logo-grey-0-1.png","width":297,"height":103,"caption":"Board"},"image":{"@id":"https:\/\/wwwstg.board.com\/fr#\/schema\/logo\/image\/"},"sameAs":["https:\/\/www.facebook.com\/BOARD.International","https:\/\/x.com\/BOARDSoftware","https:\/\/www.linkedin.com\/company\/board\/","https:\/\/www.youtube.com\/user\/BOARDInternationalSA","https:\/\/en.wikipedia.org\/wiki\/Board_International"]}]}},"_links":{"self":[{"href":"https:\/\/wwwstg.board.com\/fr\/wp-json\/wp\/v2\/pages\/9283","targetHints":{"allow":["GET"]}}],"collection":[{"href":"https:\/\/wwwstg.board.com\/fr\/wp-json\/wp\/v2\/pages"}],"about":[{"href":"https:\/\/wwwstg.board.com\/fr\/wp-json\/wp\/v2\/types\/page"}],"author":[{"embeddable":true,"href":"https:\/\/wwwstg.board.com\/fr\/wp-json\/wp\/v2\/users\/5"}],"replies":[{"embeddable":true,"href":"https:\/\/wwwstg.board.com\/fr\/wp-json\/wp\/v2\/comments?post=9283"}],"version-history":[{"count":0,"href":"https:\/\/wwwstg.board.com\/fr\/wp-json\/wp\/v2\/pages\/9283\/revisions"}],"wp:attachment":[{"href":"https:\/\/wwwstg.board.com\/fr\/wp-json\/wp\/v2\/media?parent=9283"}],"wp:term":[{"taxonomy":"line_of_business","embeddable":true,"href":"https:\/\/wwwstg.board.com\/fr\/wp-json\/wp\/v2\/line_of_business?post=9283"},{"taxonomy":"page_score_tier","embeddable":true,"href":"https:\/\/wwwstg.board.com\/fr\/wp-json\/wp\/v2\/page_score_tier?post=9283"}],"curies":[{"name":"wp","href":"https:\/\/api.w.org\/{rel}","templated":true}]}}