{"id":40998,"date":"2025-02-20T12:58:14","date_gmt":"2025-02-20T12:58:14","guid":{"rendered":"https:\/\/www.board.com\/events-webinars\/fr-webinar-demand-le-role-de-la-data-dans-lindustrialisation-du-developpement-durable\/"},"modified":"2025-06-23T08:28:35","modified_gmt":"2025-06-23T08:28:35","slug":"le-role-de-la-data-dans-lindustrialisation-du-developpement-durable","status":"publish","type":"events-webinars","link":"https:\/\/wwwstg.board.com\/fr\/evenements-webinaires\/le-role-de-la-data-dans-lindustrialisation-du-developpement-durable","title":{"rendered":"Le ro\u0302le de la data dans l\u2019industrialisation du d\u00e9veloppement durable"},"content":{"rendered":"\t<section id=\"block_38532e099c87ced4fb7390f9c4694c80-\" class=\"block columns-block block-hero-bubble hero-post bg-web-gradient-light pt-0 pb-0 ew-single-block-wrap ew-single-hero\">\n\t\t<div class=\"breadcrumb-bar bg-brand-pearl\">\n\t\t\t<div class=\"container\">\n\t\t\t\t\t\t\t<\/div>\n\t\t<\/div>\n\n\t\t<div class=\"hero-wrapper\">\n\t\t\t<div class=\"container\">\n\t\t\t\t<div class=\"columns-block-row\">\n\t\t\t\t\t<div class=\"column-content d-flex align-items-center post-hero-content-left\">\n\t\t\t\t\t\t<div class=\"hero-grad-left\">\n\t\t\t\t\t\t\t<div class=\"hero-grad-post-info\">\n\t\t\t\t\t\t\t\t\t\t\t\t\t\t\t\t\t\t\t\t\t\t\t\t\t\t\t\t\t\t\t\t\t\t\t<a href=\"https:\/\/wwwstg.board.com\/fr\/evenements-webinaires\" class=\"btn-link btn-link--primary hero-grad-cat\"><span>On-demand webinar<span><\/a>\n\t\t\t\t\t\t\t\t\t\t\t\t\t\t\t\t\t\t\t\t\t\t\t\t\t\t\t\t\t\t\t\t<\/div>\n\t\t\t\t\t\t\t<div class=\"hero-grad-copy\">\n\t\t\t\t\t\t\t\t\t\t\t\t\t\t\t\t\t\t\t\t\t\t\t\t\t\t\t<h1 class=\"display-2\">Le ro\u0302le de la data dans l\u2019industrialisation du d\u00e9veloppement durable<\/h1>\n\t\t\t\t\t\t\t\t\t\t\t\t\t\t\t\t\t\n\t\t\t\t\t\t\t\t\t\t\t\t\t\t\t<\/div>\n\t\t\t\t\t\t<\/div>\n\t\t\t\t\t<\/div>\n\n\t\t\t\t\t\t\t\t\t\t\t\t\t\t\t\t\t<div class=\"column-content text-start align-self-start post-hero-content-right\">\n\t\t\t\t\t\t\t<div class=\"hero-grad-right\">\n\t\t\t\t\t\t\t\t\t\t\t\t\t\t\t\t\t<img decoding=\"async\" fetchpriority=\"high\" class=\"hero-bubbles-bg\" src=\"https:\/\/wwwstg.board.com\/wp-content\/themes\/board\/assets\/images\/bubbles-events.svg\" alt=\"hero-bubble preview\" height=\"200\" width=\"300\">\n\t\t\t\t\t\t\t\t\t\t\t\t\t\t\t<\/div>\n\t\t\t\t\t\t<\/div>\n\t\t\t\t\t\n\n\t\t\t\t<\/div>\n\t\t\t<\/div>\n\t\t<\/div>\n\t<\/section>\n\n\n\n\t<section id=\"block_29a38d38080e5b8b2bcf2646c3d60b4c-1\" class=\"block block--spc single-page__post\">\n\n\t\t<div class=\"d-lg-none container\">\n\t\t\t\t\t<\/div>\n\n\t\t<div class=\"container container--narrow\">\n\t\t\t<div class=\"row justify-content-center\">\n\t\t\t\t<div class=\"col-lg-7 single-page__post-text\">\n\t\t\t\t\t\n\n<p>\u00ab&nbsp;<em>Les entreprises ont aujourd\u2019hui la possibilite\u0301 de collecter des milliards de donne\u0301es, mais peu d\u2019entre elles sont capables de les ge\u0301rer, les analyser, les harmoniser. Et si les donne\u0301es environnementales permettaient d\u2019industrialiser le d\u00e9veloppement durable ?<\/em>&nbsp;\u00bb<\/p>\n\n\n\n<p>C&rsquo;est la question \u00e0 laquelle les participants du Cercle de Giverny ont tent\u00e9 de r\u00e9pondre le 02 septembre 2022, au travers de 6 propositions concr\u00e8tes. <br><br>Nous vous proposons de les d\u00e9crypter avec vous afin d&rsquo;en voir l&rsquo;applicabilit\u00e9 dans vos SI.<\/p>\n\n\n\n<p>Lors de ce webinaire, vous allez d\u00e9couvrir :<\/p>\n\n\n\n<ul class=\"wp-block-list\">\n<li>Notre analyse sur ces 6 propositions ;<\/li>\n\n\n\n<li>Comment les mettre en \u0153uvre concr\u00e8tement dans votre syst\u00e8me d\u2019information ;<\/li>\n\n\n\n<li>Comment un outil EPM peut vous aider \u00e0 y parvenir.<\/li>\n<\/ul>\n\n\n\n<p>N\u2019attendez plus pour vous inscrire ! &nbsp;<\/p>\n\n\n\n<p>Vous n&rsquo;\u00eates pas disponible ? Inscrivez-vous et nous vous enverrons un lien vers la session enregistr\u00e9e d\u00e8s qu&rsquo;il sera disponible.<\/p>\n\n\n\n<h5 class=\"wp-block-heading\">En partenariat avec :<\/h5>\n\n\n\n<figure class=\"wp-block-image size-full is-resized\"><img loading=\"lazy\" decoding=\"async\" width=\"4714\" height=\"1536\" src=\"https:\/\/wwwstg.board.com\/wp-content\/uploads\/2025\/02\/TALAN-logo-new-with-payoff.png\" alt=\"\" class=\"wp-image-91841\" style=\"width:297px;height:auto\" srcset=\"https:\/\/wwwstg.board.com\/wp-content\/uploads\/2025\/02\/TALAN-logo-new-with-payoff.png 4714w, https:\/\/wwwstg.board.com\/wp-content\/uploads\/2025\/02\/TALAN-logo-new-with-payoff-768x250.png 768w, https:\/\/wwwstg.board.com\/wp-content\/uploads\/2025\/02\/TALAN-logo-new-with-payoff-1600x521.png 1600w, https:\/\/wwwstg.board.com\/wp-content\/uploads\/2025\/02\/TALAN-logo-new-with-payoff-1536x500.png 1536w, https:\/\/wwwstg.board.com\/wp-content\/uploads\/2025\/02\/TALAN-logo-new-with-payoff-2048x667.png 2048w, https:\/\/wwwstg.board.com\/wp-content\/uploads\/2025\/02\/TALAN-logo-new-with-payoff-480x156.png 480w, https:\/\/wwwstg.board.com\/wp-content\/uploads\/2025\/02\/TALAN-logo-new-with-payoff-215x70.png 215w, https:\/\/wwwstg.board.com\/wp-content\/uploads\/2025\/02\/TALAN-logo-new-with-payoff-572x186.png 572w\" sizes=\"auto, (max-width: 4714px) 100vw, 4714px\" \/><\/figure>\n\n\n\n<p>&nbsp;<\/p>\n\n\n\t\t\t\t<\/div>\n\n\t\t\t\t<div class=\"col-lg-3\">\n\t\t\t\t\t<aside class=\"single-event-info\">\n\t\t\t\t\t\t\n<article class=\"card card--event-register\">\n\t<div class=\"event-info-img\">\n\t\t<img decoding=\"async\" src=\"https:\/\/wwwstg.board.com\/wp-content\/uploads\/2025\/02\/1280x800_thumbnail_webinar-with-Talan-480x300.jpg\" alt=\"\" loading=\"lazy\" \/>\n\t<\/div>\n\n\t<div class=\"card-body\">\n\t\t\n\t\t\n\t\t\t\t\t<div class=\"card-event-detail\">\n\t\t\t\t<img decoding=\"async\" src=\"https:\/\/wwwstg.board.com\/wp-content\/themes\/board\/assets\/images\/icons\/lang.svg\" alt=\"Board Beyond\" loading=\"lazy\" height=\"22\" width=\"22\">\n\t\t\t\t<strong>French<\/strong>\n\t\t\t<\/div>\n\t\t\n\t\t\n\t\t\n\t\t\t\t\t<a data-scroll-to=\".block-text-form\" class=\"d-inline-block btn-link text-center w-100\">\n\t\t\t\tWatch Now\t\t\t<\/a>\n\t\t\t<\/div>\n<\/article>\t\t\t\t\t<\/aside>\n\t\t\t\t<\/div>\n\t\t\t<\/div>\n\t\t<\/div>\n\n\t<\/section>\n\n\t\n\n\t<section id=\"event-form\" class=\"block block--spc columns-block block-text-form bg-web-gradient-light\">\n\t\t<div class=\"container position-relative\">\n\t\t\t<div class=\"columns-block-row\">\n\t\t\t\t\t\t\t\t\n\t<div class=\"column-content \">\n\t\t\n\n<h3 class=\"wp-block-heading\" style=\"font-size:clamp(27.894px, 1.743rem + ((1vw - 3.2px) * 1.571), 48px);font-weight:900\">Regardez maintenant !<\/h3>\n\n\n\t<\/div>\n\n\n\t<div class=\"column-content container \">\n\t\t\n\n\n<div style=\"position: relative; z-index: 0;\" class=\"wp-block-boardflow-marketo-board-marketo-form\">\n\n      <div class=\"form-wrapper\">\n    \n    <div class=\"form-renderer-wrapper\">\n\n      \n        \n        <div class=\"mktoForm\" data-init=\"marketo-form\" data-marketo=\"10644\" data-success-url=\"https:\/\/wwwstg.board.com\/fr\/merci-on-demand\" data-tracking-category=\"on-demand-webinar\" data-additional-params=\"formType:on-demand-webinar\" data-submit-loading-label=\"Just a moment...\" data-on-variant-reset-load=\"boardflow_marketo_form_on_variant_reset_load\" data-label-translations=\"{&quot;Email Address:&quot;:&quot;Email :&quot;}\" data-bottom-fields=\"privacywebform\">\n          <div class=\"mktoFormRow\">\n            <div class=\"mktoFieldDescriptor mktoFormCol\">\n\t<div class=\"mktoOffset\"><\/div>\n\t<div class=\"mktoFieldWrap\">\n\t\t<div class=\"mktoLabel mktoHasWidth\">\n\t\t\t&nbsp;\n\t\t<\/div>\n\t\t<div class=\"mktoGutter mktoHasWidth\"><\/div>\n\t\t<div class=\"mktoField placeholder-wave\">\n\t\t\t<div class=\"placeholder\">&nbsp;<\/div>\n\t\t<\/div>\n\t\t<span class=\"mktoInstruction\"><\/span>\n\t\t<div class=\"mktoClear\"><\/div>\n\t<\/div>\n\t<div class=\"mktoClear\"><\/div>\n<\/div>          <\/div>\n          <div class=\"mktoFormRow\">\n            <div class=\"mktoFieldDescriptor mktoFormCol\">\n\t<div class=\"mktoOffset\"><\/div>\n\t<div class=\"mktoFieldWrap\">\n\t\t<div class=\"mktoLabel mktoHasWidth\">\n\t\t\t&nbsp;\n\t\t<\/div>\n\t\t<div class=\"mktoGutter mktoHasWidth\"><\/div>\n\t\t<div class=\"mktoField placeholder-wave\">\n\t\t\t<div class=\"placeholder\">&nbsp;<\/div>\n\t\t<\/div>\n\t\t<span class=\"mktoInstruction\"><\/span>\n\t\t<div class=\"mktoClear\"><\/div>\n\t<\/div>\n\t<div class=\"mktoClear\"><\/div>\n<\/div>            <div class=\"mktoFieldDescriptor mktoFormCol\">\n\t<div class=\"mktoOffset\"><\/div>\n\t<div class=\"mktoFieldWrap\">\n\t\t<div class=\"mktoLabel mktoHasWidth\">\n\t\t\t&nbsp;\n\t\t<\/div>\n\t\t<div class=\"mktoGutter mktoHasWidth\"><\/div>\n\t\t<div class=\"mktoField placeholder-wave\">\n\t\t\t<div class=\"placeholder\">&nbsp;<\/div>\n\t\t<\/div>\n\t\t<span class=\"mktoInstruction\"><\/span>\n\t\t<div class=\"mktoClear\"><\/div>\n\t<\/div>\n\t<div class=\"mktoClear\"><\/div>\n<\/div>          <\/div>\n          <div class=\"mktoFormRow\">\n            <div class=\"mktoFieldDescriptor mktoFormCol\">\n\t<div class=\"mktoOffset\"><\/div>\n\t<div class=\"mktoFieldWrap\">\n\t\t<div class=\"mktoLabel mktoHasWidth\">\n\t\t\t&nbsp;\n\t\t<\/div>\n\t\t<div class=\"mktoGutter mktoHasWidth\"><\/div>\n\t\t<div class=\"mktoField placeholder-wave\">\n\t\t\t<div class=\"placeholder\">&nbsp;<\/div>\n\t\t<\/div>\n\t\t<span class=\"mktoInstruction\"><\/span>\n\t\t<div class=\"mktoClear\"><\/div>\n\t<\/div>\n\t<div class=\"mktoClear\"><\/div>\n<\/div>          <\/div>\n\n          <div class=\"mktoFormRow full-width mb-3\">\n            <div class=\"mktoFieldDescriptor mktoFormCol\">\n              <div class=\"mktoOffset\"><\/div>\n              <div class=\"mktoFieldWrap mktoRequiredField placeholder-wave\">\n                <span class=\"placeholder w-75\">&nbsp;<\/span>\n                <div class=\"mktoGutter mktoHasWidth\"><\/div>\n                <div class=\"mktoClear\"><\/div>\n              <\/div>\n              <div class=\"mktoClear\"><\/div>\n            <\/div>\n\n          <\/div>\n\n          <div class=\"mktoButtonRow\">\n            <span class=\"mktoButtonWrap mktoSimple placeholder-wave\">\n              <button disabled type=\"submit\" class=\"mktoButton placeholder rounded-pill bg-blue\">&nbsp;<\/button>\n            <\/span>\n          <\/div>\n        <\/div>\n\n          <\/div>\n\n        <\/div>\n  <\/div>\n\t\n\t<\/div>\n\t\n\n\t\t\t<\/div>\n\t\t<\/div>\n\t<\/section>\n\n\t\n\n\t<section id=\"block_c9ef118580e29d36fe094a2305019cd2-3\" class=\"block block--spc columns-block block-title-template pb-0 bg-light-blue-50 block-title-events-webinars\">\n\t\t<div class=\"container position-relative\">\n\t\t\t<div class=\"columns-block-row\">\n\t\t\t\t<div class=\"column-content text-start align-self-start\">\n\t\t\t\t\t\t\t\t\t\t\n\n<h3 class=\"wp-block-heading has-text-align-center visual-h2\">\u00c9v\u00e9nements \u00e0 venir<\/h3>\n\n\n\t\t\t\t<\/div>\n\t\t\t<\/div>\n\t\t<\/div>\n\t<\/section>\n\n\t\n\n\t<section id=\"block_50d60b41d062e2f7049c0c920d1cae2e-4\" class=\"block block--spc events-webinar-feed columns-block grid grid--3 spacing-md bg-light-blue-50 ew-single-block-wrap ew-single-cards-2\">\n\t\t<div class=\"container position-relative\">\n\t\t\t<div class=\"columns-block-row\">\n\t\t\t\t\t\t\t<\/div>\n\t\t<\/div>\n\t<\/section>\n\n\n\t<section id=\"block_4e8120cd7b550bc5fe202a55edd4183b-5\" class=\"block block--spc columns-block spacing-md footer-cta bg-violet-700\">\n\t\t\n\t\t\t<img loading=\"lazy\" decoding=\"async\" src=\"https:\/\/wwwstg.board.com\/wp-content\/uploads\/2024\/08\/pre-footersvg.svg\" class=\"shape-bg-image shape-bg-image-left\" alt=\"Background image shape - left\" height=\"510\" width=\"930\" aria-hidden=\"true\">\n\t\t\t<div class=\"overlay-gradient\"><\/div>\n\t\t<div class=\"container position-relative columns-70-30\">\n\t\t\t<div class=\"columns-block-row\">\n\t\t\t\t\t\t\t\t\n\t<div class=\"column-content \">\n\t\t\n\n<h2 class=\"wp-block-heading\">Voyons ce que Board peut faire pour vous.<\/h2>\n\n\n\n<p>D\u00e9couvrez la plateforme de planification d&rsquo;entreprise en action.<\/p>\n\n\n\t<\/div>\n\n\n\t<div class=\"column-content \">\n\t\t\n\t\t<a href=\"https:\/\/wwwstg.board.com\/fr\/demandez-demo\" class=\"btn-link btn-link--white\"  target=\"\"\t\t\t>\n\t\t\t<span>Parlez \u00e0 un expert<\/span>\n\t\t<\/a>\n\t\n\n\t<\/div>\n\n\n\t\t\t<\/div>\n\t\t<\/div>\n\t<\/section>\n\n\t","protected":false},"excerpt":{"rendered":"","protected":false},"author":1,"featured_media":91835,"template":"","event-type":[291],"event-language":[300],"event-country":[],"decisional-phase":[4249],"industry":[4333],"department":[4361],"line_of_business":[4385],"class_list":["post-40998","events-webinars","type-events-webinars","status-publish","has-post-thumbnail","hentry","event-type-on-demand-webinar-fr","event-language-french-fr","decisional-phase-awareness-fr","industry-all-fr","department-all-fr","line_of_business-not-assigned-fr"],"acf":[],"yoast_head":"<!-- This site is optimized with the Yoast SEO plugin v27.4 - https:\/\/yoast.com\/product\/yoast-seo-wordpress\/ -->\n<title>Le ro\u0302le de la data dans l\u2019industrialisation du d\u00e9veloppement durable<\/title>\n<meta name=\"description\" content=\"\u00ab Les entreprises ont aujourd\u2019hui la possibilite\u0301 de collecter des milliards de donne\u0301es, mais peu d\u2019entre elles sont capables de les ge\u0301rer, les analyser, les harmoniser. Et si les donne\u0301es environnementales permettaient d\u2019industrialiser le d\u00e9veloppement durable ? \u00bb C&#039;est la question \u00e0 laquelle les participants du Cercle de Giverny ont tent\u00e9 de r\u00e9pondre le 02 septembre 2022,\" \/>\n<meta name=\"robots\" content=\"noindex, follow, max-snippet:-1, max-image-preview:large, max-video-preview:-1\" \/>\n<meta property=\"og:locale\" content=\"fr_FR\" \/>\n<meta property=\"og:type\" content=\"article\" \/>\n<meta property=\"og:title\" content=\"Le ro\u0302le de la data dans l\u2019industrialisation du d\u00e9veloppement durable\" \/>\n<meta property=\"og:description\" content=\"\u00ab Les entreprises ont aujourd\u2019hui la possibilite\u0301 de collecter des milliards de donne\u0301es, mais peu d\u2019entre elles sont capables de les ge\u0301rer, les analyser, les harmoniser. Et si les donne\u0301es environnementales permettaient d\u2019industrialiser le d\u00e9veloppement durable ? \u00bb C&#039;est la question \u00e0 laquelle les participants du Cercle de Giverny ont tent\u00e9 de r\u00e9pondre le 02 septembre 2022,\" \/>\n<meta property=\"og:url\" content=\"https:\/\/wwwstg.board.com\/fr\/evenements-webinaires\/le-role-de-la-data-dans-lindustrialisation-du-developpement-durable\" \/>\n<meta property=\"og:site_name\" content=\"Board\" \/>\n<meta property=\"article:publisher\" content=\"https:\/\/www.facebook.com\/BOARD.International\" \/>\n<meta property=\"article:modified_time\" content=\"2025-06-23T08:28:35+00:00\" \/>\n<meta property=\"og:image\" content=\"https:\/\/wwwstg.board.com\/wp-content\/uploads\/2025\/02\/1280x800_thumbnail_webinar-with-Talan.jpg\" \/>\n\t<meta property=\"og:image:width\" content=\"1280\" \/>\n\t<meta property=\"og:image:height\" content=\"800\" \/>\n\t<meta property=\"og:image:type\" content=\"image\/jpeg\" \/>\n<meta name=\"twitter:card\" content=\"summary_large_image\" \/>\n<meta name=\"twitter:site\" content=\"@BOARDSoftware\" \/>\n<meta name=\"twitter:label1\" content=\"Dur\u00e9e de lecture estim\u00e9e\" \/>\n\t<meta name=\"twitter:data1\" content=\"2 minutes\" \/>\n<script type=\"application\/ld+json\" class=\"yoast-schema-graph\">{\"@context\":\"https:\\\/\\\/schema.org\",\"@graph\":[{\"@type\":\"WebPage\",\"@id\":\"https:\\\/\\\/wwwstg.board.com\\\/fr\\\/evenements-webinaires\\\/le-role-de-la-data-dans-lindustrialisation-du-developpement-durable\",\"url\":\"https:\\\/\\\/wwwstg.board.com\\\/fr\\\/evenements-webinaires\\\/le-role-de-la-data-dans-lindustrialisation-du-developpement-durable\",\"name\":\"Le ro\u0302le de la data dans l\u2019industrialisation du d\u00e9veloppement durable\",\"isPartOf\":{\"@id\":\"https:\\\/\\\/wwwstg.board.com\\\/fr#website\"},\"primaryImageOfPage\":{\"@id\":\"https:\\\/\\\/wwwstg.board.com\\\/fr\\\/evenements-webinaires\\\/le-role-de-la-data-dans-lindustrialisation-du-developpement-durable#primaryimage\"},\"image\":{\"@id\":\"https:\\\/\\\/wwwstg.board.com\\\/fr\\\/evenements-webinaires\\\/le-role-de-la-data-dans-lindustrialisation-du-developpement-durable#primaryimage\"},\"thumbnailUrl\":\"https:\\\/\\\/wwwstg.board.com\\\/wp-content\\\/uploads\\\/2025\\\/02\\\/1280x800_thumbnail_webinar-with-Talan.jpg\",\"datePublished\":\"2025-02-20T12:58:14+00:00\",\"dateModified\":\"2025-06-23T08:28:35+00:00\",\"description\":\"\u00ab Les entreprises ont aujourd\u2019hui la possibilite\u0301 de collecter des milliards de donne\u0301es, mais peu d\u2019entre elles sont capables de les ge\u0301rer, les analyser, les harmoniser. Et si les donne\u0301es environnementales permettaient d\u2019industrialiser le d\u00e9veloppement durable ? \u00bb C'est la question \u00e0 laquelle les participants du Cercle de Giverny ont tent\u00e9 de r\u00e9pondre le 02 septembre 2022,\",\"breadcrumb\":{\"@id\":\"https:\\\/\\\/wwwstg.board.com\\\/fr\\\/evenements-webinaires\\\/le-role-de-la-data-dans-lindustrialisation-du-developpement-durable#breadcrumb\"},\"inLanguage\":\"fr-FR\",\"potentialAction\":[{\"@type\":\"ReadAction\",\"target\":[\"https:\\\/\\\/wwwstg.board.com\\\/fr\\\/evenements-webinaires\\\/le-role-de-la-data-dans-lindustrialisation-du-developpement-durable\"]}]},{\"@type\":\"ImageObject\",\"inLanguage\":\"fr-FR\",\"@id\":\"https:\\\/\\\/wwwstg.board.com\\\/fr\\\/evenements-webinaires\\\/le-role-de-la-data-dans-lindustrialisation-du-developpement-durable#primaryimage\",\"url\":\"https:\\\/\\\/wwwstg.board.com\\\/wp-content\\\/uploads\\\/2025\\\/02\\\/1280x800_thumbnail_webinar-with-Talan.jpg\",\"contentUrl\":\"https:\\\/\\\/wwwstg.board.com\\\/wp-content\\\/uploads\\\/2025\\\/02\\\/1280x800_thumbnail_webinar-with-Talan.jpg\",\"width\":1280,\"height\":800},{\"@type\":\"BreadcrumbList\",\"@id\":\"https:\\\/\\\/wwwstg.board.com\\\/fr\\\/evenements-webinaires\\\/le-role-de-la-data-dans-lindustrialisation-du-developpement-durable#breadcrumb\",\"itemListElement\":[{\"@type\":\"ListItem\",\"position\":1,\"name\":\"Home\",\"item\":\"https:\\\/\\\/wwwstg.board.com\\\/fr\"},{\"@type\":\"ListItem\",\"position\":2,\"name\":\"Events & Webinars\",\"item\":\"https:\\\/\\\/wwwstg.board.com\\\/fr\\\/evenements-webinaires\"},{\"@type\":\"ListItem\",\"position\":3,\"name\":\"Le ro\u0302le de la data dans l\u2019industrialisation du d\u00e9veloppement durable\"}]},{\"@type\":\"WebSite\",\"@id\":\"https:\\\/\\\/wwwstg.board.com\\\/fr#website\",\"url\":\"https:\\\/\\\/wwwstg.board.com\\\/fr\",\"name\":\"Board\",\"description\":\"The Enterprise Planning Platform\",\"publisher\":{\"@id\":\"https:\\\/\\\/wwwstg.board.com\\\/fr#organization\"},\"potentialAction\":[{\"@type\":\"SearchAction\",\"target\":{\"@type\":\"EntryPoint\",\"urlTemplate\":\"https:\\\/\\\/wwwstg.board.com\\\/fr?s={search_term_string}\"},\"query-input\":{\"@type\":\"PropertyValueSpecification\",\"valueRequired\":true,\"valueName\":\"search_term_string\"}}],\"inLanguage\":\"fr-FR\"},{\"@type\":\"Organization\",\"@id\":\"https:\\\/\\\/wwwstg.board.com\\\/fr#organization\",\"name\":\"Board\",\"url\":\"https:\\\/\\\/wwwstg.board.com\\\/fr\",\"logo\":{\"@type\":\"ImageObject\",\"inLanguage\":\"fr-FR\",\"@id\":\"https:\\\/\\\/wwwstg.board.com\\\/fr#\\\/schema\\\/logo\\\/image\\\/\",\"url\":\"https:\\\/\\\/wwwstg.board.com\\\/wp-content\\\/uploads\\\/2024\\\/08\\\/board-footer-logo-grey-0-1.png\",\"contentUrl\":\"https:\\\/\\\/wwwstg.board.com\\\/wp-content\\\/uploads\\\/2024\\\/08\\\/board-footer-logo-grey-0-1.png\",\"width\":297,\"height\":103,\"caption\":\"Board\"},\"image\":{\"@id\":\"https:\\\/\\\/wwwstg.board.com\\\/fr#\\\/schema\\\/logo\\\/image\\\/\"},\"sameAs\":[\"https:\\\/\\\/www.facebook.com\\\/BOARD.International\",\"https:\\\/\\\/x.com\\\/BOARDSoftware\",\"https:\\\/\\\/www.linkedin.com\\\/company\\\/board\\\/\",\"https:\\\/\\\/www.youtube.com\\\/user\\\/BOARDInternationalSA\",\"https:\\\/\\\/en.wikipedia.org\\\/wiki\\\/Board_International\"]},{\"@type\":\"Event\",\"@id\":\"https:\\\/\\\/wwwstg.board.com\\\/fr\\\/evenements-webinaires\\\/le-role-de-la-data-dans-lindustrialisation-du-developpement-durable#event\",\"name\":\"Le ro\u0302le de la data dans l\u2019industrialisation du d\u00e9veloppement durable\",\"description\":\"On-demand webinar: \u00ab Les entreprises ont aujourd\u2019hui la possibilite\u0301 de collecter des milliards de donne\u0301es, mais peu d\u2019entre elles sont capables de les ge\u0301rer, les analyser, les harmoniser. Et si les donne\u0301es environnementales permettaient d\u2019industrialiser le d\u00e9veloppement durable ? \u00bb C'est la question \u00e0 laquelle les participants du Cercle de Giverny ont tent\u00e9 de r\u00e9pondre le 02 septembre 2022,\",\"organizer\":{\"@id\":\"https:\\\/\\\/wwwstg.board.com\\\/fr#organization\"},\"url\":\"https:\\\/\\\/wwwstg.board.com\\\/fr\\\/evenements-webinaires\\\/le-role-de-la-data-dans-lindustrialisation-du-developpement-durable\",\"image\":\"https:\\\/\\\/wwwstg.board.com\\\/wp-content\\\/uploads\\\/2025\\\/02\\\/1280x800_thumbnail_webinar-with-Talan.jpg\",\"eventAttendanceMode\":\"OnlineEventAttendanceMode\",\"location\":{\"@type\":\"VirtualLocation\",\"name\":\"Virtual Location\",\"url\":\"https:\\\/\\\/wwwstg.board.com\\\/fr\\\/evenements-webinaires\\\/le-role-de-la-data-dans-lindustrialisation-du-developpement-durable\"}}]}<\/script>\n<!-- \/ Yoast SEO plugin. -->","yoast_head_json":{"title":"Le ro\u0302le de la data dans l\u2019industrialisation du d\u00e9veloppement durable","description":"\u00ab Les entreprises ont aujourd\u2019hui la possibilite\u0301 de collecter des milliards de donne\u0301es, mais peu d\u2019entre elles sont capables de les ge\u0301rer, les analyser, les harmoniser. Et si les donne\u0301es environnementales permettaient d\u2019industrialiser le d\u00e9veloppement durable ? \u00bb C'est la question \u00e0 laquelle les participants du Cercle de Giverny ont tent\u00e9 de r\u00e9pondre le 02 septembre 2022,","robots":{"index":"noindex","follow":"follow","max-snippet":"max-snippet:-1","max-image-preview":"max-image-preview:large","max-video-preview":"max-video-preview:-1"},"og_locale":"fr_FR","og_type":"article","og_title":"Le ro\u0302le de la data dans l\u2019industrialisation du d\u00e9veloppement durable","og_description":"\u00ab Les entreprises ont aujourd\u2019hui la possibilite\u0301 de collecter des milliards de donne\u0301es, mais peu d\u2019entre elles sont capables de les ge\u0301rer, les analyser, les harmoniser. Et si les donne\u0301es environnementales permettaient d\u2019industrialiser le d\u00e9veloppement durable ? \u00bb C'est la question \u00e0 laquelle les participants du Cercle de Giverny ont tent\u00e9 de r\u00e9pondre le 02 septembre 2022,","og_url":"https:\/\/wwwstg.board.com\/fr\/evenements-webinaires\/le-role-de-la-data-dans-lindustrialisation-du-developpement-durable","og_site_name":"Board","article_publisher":"https:\/\/www.facebook.com\/BOARD.International","article_modified_time":"2025-06-23T08:28:35+00:00","og_image":[{"width":1280,"height":800,"url":"https:\/\/wwwstg.board.com\/wp-content\/uploads\/2025\/02\/1280x800_thumbnail_webinar-with-Talan.jpg","type":"image\/jpeg"}],"twitter_card":"summary_large_image","twitter_site":"@BOARDSoftware","twitter_misc":{"Dur\u00e9e de lecture estim\u00e9e":"2 minutes"},"schema":{"@context":"https:\/\/schema.org","@graph":[{"@type":"WebPage","@id":"https:\/\/wwwstg.board.com\/fr\/evenements-webinaires\/le-role-de-la-data-dans-lindustrialisation-du-developpement-durable","url":"https:\/\/wwwstg.board.com\/fr\/evenements-webinaires\/le-role-de-la-data-dans-lindustrialisation-du-developpement-durable","name":"Le ro\u0302le de la data dans l\u2019industrialisation du d\u00e9veloppement durable","isPartOf":{"@id":"https:\/\/wwwstg.board.com\/fr#website"},"primaryImageOfPage":{"@id":"https:\/\/wwwstg.board.com\/fr\/evenements-webinaires\/le-role-de-la-data-dans-lindustrialisation-du-developpement-durable#primaryimage"},"image":{"@id":"https:\/\/wwwstg.board.com\/fr\/evenements-webinaires\/le-role-de-la-data-dans-lindustrialisation-du-developpement-durable#primaryimage"},"thumbnailUrl":"https:\/\/wwwstg.board.com\/wp-content\/uploads\/2025\/02\/1280x800_thumbnail_webinar-with-Talan.jpg","datePublished":"2025-02-20T12:58:14+00:00","dateModified":"2025-06-23T08:28:35+00:00","description":"\u00ab Les entreprises ont aujourd\u2019hui la possibilite\u0301 de collecter des milliards de donne\u0301es, mais peu d\u2019entre elles sont capables de les ge\u0301rer, les analyser, les harmoniser. Et si les donne\u0301es environnementales permettaient d\u2019industrialiser le d\u00e9veloppement durable ? \u00bb C'est la question \u00e0 laquelle les participants du Cercle de Giverny ont tent\u00e9 de r\u00e9pondre le 02 septembre 2022,","breadcrumb":{"@id":"https:\/\/wwwstg.board.com\/fr\/evenements-webinaires\/le-role-de-la-data-dans-lindustrialisation-du-developpement-durable#breadcrumb"},"inLanguage":"fr-FR","potentialAction":[{"@type":"ReadAction","target":["https:\/\/wwwstg.board.com\/fr\/evenements-webinaires\/le-role-de-la-data-dans-lindustrialisation-du-developpement-durable"]}]},{"@type":"ImageObject","inLanguage":"fr-FR","@id":"https:\/\/wwwstg.board.com\/fr\/evenements-webinaires\/le-role-de-la-data-dans-lindustrialisation-du-developpement-durable#primaryimage","url":"https:\/\/wwwstg.board.com\/wp-content\/uploads\/2025\/02\/1280x800_thumbnail_webinar-with-Talan.jpg","contentUrl":"https:\/\/wwwstg.board.com\/wp-content\/uploads\/2025\/02\/1280x800_thumbnail_webinar-with-Talan.jpg","width":1280,"height":800},{"@type":"BreadcrumbList","@id":"https:\/\/wwwstg.board.com\/fr\/evenements-webinaires\/le-role-de-la-data-dans-lindustrialisation-du-developpement-durable#breadcrumb","itemListElement":[{"@type":"ListItem","position":1,"name":"Home","item":"https:\/\/wwwstg.board.com\/fr"},{"@type":"ListItem","position":2,"name":"Events & Webinars","item":"https:\/\/wwwstg.board.com\/fr\/evenements-webinaires"},{"@type":"ListItem","position":3,"name":"Le ro\u0302le de la data dans l\u2019industrialisation du d\u00e9veloppement durable"}]},{"@type":"WebSite","@id":"https:\/\/wwwstg.board.com\/fr#website","url":"https:\/\/wwwstg.board.com\/fr","name":"Board","description":"The Enterprise Planning Platform","publisher":{"@id":"https:\/\/wwwstg.board.com\/fr#organization"},"potentialAction":[{"@type":"SearchAction","target":{"@type":"EntryPoint","urlTemplate":"https:\/\/wwwstg.board.com\/fr?s={search_term_string}"},"query-input":{"@type":"PropertyValueSpecification","valueRequired":true,"valueName":"search_term_string"}}],"inLanguage":"fr-FR"},{"@type":"Organization","@id":"https:\/\/wwwstg.board.com\/fr#organization","name":"Board","url":"https:\/\/wwwstg.board.com\/fr","logo":{"@type":"ImageObject","inLanguage":"fr-FR","@id":"https:\/\/wwwstg.board.com\/fr#\/schema\/logo\/image\/","url":"https:\/\/wwwstg.board.com\/wp-content\/uploads\/2024\/08\/board-footer-logo-grey-0-1.png","contentUrl":"https:\/\/wwwstg.board.com\/wp-content\/uploads\/2024\/08\/board-footer-logo-grey-0-1.png","width":297,"height":103,"caption":"Board"},"image":{"@id":"https:\/\/wwwstg.board.com\/fr#\/schema\/logo\/image\/"},"sameAs":["https:\/\/www.facebook.com\/BOARD.International","https:\/\/x.com\/BOARDSoftware","https:\/\/www.linkedin.com\/company\/board\/","https:\/\/www.youtube.com\/user\/BOARDInternationalSA","https:\/\/en.wikipedia.org\/wiki\/Board_International"]},{"@type":"Event","@id":"https:\/\/wwwstg.board.com\/fr\/evenements-webinaires\/le-role-de-la-data-dans-lindustrialisation-du-developpement-durable#event","name":"Le ro\u0302le de la data dans l\u2019industrialisation du d\u00e9veloppement durable","description":"On-demand webinar: \u00ab Les entreprises ont aujourd\u2019hui la possibilite\u0301 de collecter des milliards de donne\u0301es, mais peu d\u2019entre elles sont capables de les ge\u0301rer, les analyser, les harmoniser. Et si les donne\u0301es environnementales permettaient d\u2019industrialiser le d\u00e9veloppement durable ? \u00bb C'est la question \u00e0 laquelle les participants du Cercle de Giverny ont tent\u00e9 de r\u00e9pondre le 02 septembre 2022,","organizer":{"@id":"https:\/\/wwwstg.board.com\/fr#organization"},"url":"https:\/\/wwwstg.board.com\/fr\/evenements-webinaires\/le-role-de-la-data-dans-lindustrialisation-du-developpement-durable","image":"https:\/\/wwwstg.board.com\/wp-content\/uploads\/2025\/02\/1280x800_thumbnail_webinar-with-Talan.jpg","eventAttendanceMode":"OnlineEventAttendanceMode","location":{"@type":"VirtualLocation","name":"Virtual Location","url":"https:\/\/wwwstg.board.com\/fr\/evenements-webinaires\/le-role-de-la-data-dans-lindustrialisation-du-developpement-durable"}}]}},"_links":{"self":[{"href":"https:\/\/wwwstg.board.com\/fr\/wp-json\/wp\/v2\/events-webinars\/40998","targetHints":{"allow":["GET"]}}],"collection":[{"href":"https:\/\/wwwstg.board.com\/fr\/wp-json\/wp\/v2\/events-webinars"}],"about":[{"href":"https:\/\/wwwstg.board.com\/fr\/wp-json\/wp\/v2\/types\/events-webinars"}],"author":[{"embeddable":true,"href":"https:\/\/wwwstg.board.com\/fr\/wp-json\/wp\/v2\/users\/1"}],"version-history":[{"count":0,"href":"https:\/\/wwwstg.board.com\/fr\/wp-json\/wp\/v2\/events-webinars\/40998\/revisions"}],"wp:featuredmedia":[{"embeddable":true,"href":"https:\/\/wwwstg.board.com\/fr\/wp-json\/wp\/v2\/media\/91835"}],"wp:attachment":[{"href":"https:\/\/wwwstg.board.com\/fr\/wp-json\/wp\/v2\/media?parent=40998"}],"wp:term":[{"taxonomy":"event-type","embeddable":true,"href":"https:\/\/wwwstg.board.com\/fr\/wp-json\/wp\/v2\/event-type?post=40998"},{"taxonomy":"event-language","embeddable":true,"href":"https:\/\/wwwstg.board.com\/fr\/wp-json\/wp\/v2\/event-language?post=40998"},{"taxonomy":"event-country","embeddable":true,"href":"https:\/\/wwwstg.board.com\/fr\/wp-json\/wp\/v2\/event-country?post=40998"},{"taxonomy":"decisional-phase","embeddable":true,"href":"https:\/\/wwwstg.board.com\/fr\/wp-json\/wp\/v2\/decisional-phase?post=40998"},{"taxonomy":"industry","embeddable":true,"href":"https:\/\/wwwstg.board.com\/fr\/wp-json\/wp\/v2\/industry?post=40998"},{"taxonomy":"department","embeddable":true,"href":"https:\/\/wwwstg.board.com\/fr\/wp-json\/wp\/v2\/department?post=40998"},{"taxonomy":"line_of_business","embeddable":true,"href":"https:\/\/wwwstg.board.com\/fr\/wp-json\/wp\/v2\/line_of_business?post=40998"}],"curies":[{"name":"wp","href":"https:\/\/api.w.org\/{rel}","templated":true}]}}