{"id":40868,"date":"2025-02-20T12:57:52","date_gmt":"2025-02-20T12:57:52","guid":{"rendered":"https:\/\/www.board.com\/events-webinars\/fr-webinar-demand-planification-des-effectifs-comment-reconcilier-les-metiers-les-rh-et-la-finance\/"},"modified":"2025-06-23T09:32:27","modified_gmt":"2025-06-23T09:32:27","slug":"planification-des-effectifs-comment-reconcilier-les-metiers-les-rh-et-la-finance","status":"publish","type":"events-webinars","link":"https:\/\/wwwstg.board.com\/fr\/evenements-webinaires\/planification-des-effectifs-comment-reconcilier-les-metiers-les-rh-et-la-finance","title":{"rendered":"Planification des effectifs : comment r\u00e9concilier les m\u00e9tiers, les RH, et la Finance\u00a0?"},"content":{"rendered":"\t<section id=\"block_1960cc75caa92c698e75506cbb52894a-\" class=\"block columns-block block-hero-bubble hero-post bg-web-gradient-light pt-0 pb-0 ew-single-block-wrap ew-single-hero\">\n\t\t<div class=\"breadcrumb-bar bg-brand-pearl\">\n\t\t\t<div class=\"container\">\n\t\t\t\t\t\t\t<\/div>\n\t\t<\/div>\n\n\t\t<div class=\"hero-wrapper\">\n\t\t\t<div class=\"container\">\n\t\t\t\t<div class=\"columns-block-row\">\n\t\t\t\t\t<div class=\"column-content d-flex align-items-center post-hero-content-left\">\n\t\t\t\t\t\t<div class=\"hero-grad-left\">\n\t\t\t\t\t\t\t<div class=\"hero-grad-post-info\">\n\t\t\t\t\t\t\t\t\t\t\t\t\t\t\t\t\t\t\t\t\t\t\t\t\t\t\t\t\t\t\t\t\t\t\t<a href=\"https:\/\/wwwstg.board.com\/fr\/evenements-webinaires\" class=\"btn-link btn-link--primary hero-grad-cat\"><span>On-demand webinar<span><\/a>\n\t\t\t\t\t\t\t\t\t\t\t\t\t\t\t\t\t\t\t\t\t\t\t\t\t\t\t\t\t\t\t\t<\/div>\n\t\t\t\t\t\t\t<div class=\"hero-grad-copy\">\n\t\t\t\t\t\t\t\t\t\t\t\t\t\t\t\t\t\t\t\t\t\t\t\t\t\t\t<h1 class=\"display-2\">Planification des effectifs : comment r\u00e9concilier les m\u00e9tiers, les RH, et la Finance\u00a0?<\/h1>\n\t\t\t\t\t\t\t\t\t\t\t\t\t\t\t\t\t\n\t\t\t\t\t\t\t\t\t\t\t\t\t\t\t<\/div>\n\t\t\t\t\t\t<\/div>\n\t\t\t\t\t<\/div>\n\n\t\t\t\t\t\t\t\t\t\t\t\t\t\t\t\t\t<div class=\"column-content text-start align-self-start post-hero-content-right\">\n\t\t\t\t\t\t\t<div class=\"hero-grad-right\">\n\t\t\t\t\t\t\t\t\t\t\t\t\t\t\t\t\t<img decoding=\"async\" fetchpriority=\"high\" class=\"hero-bubbles-bg\" src=\"https:\/\/wwwstg.board.com\/wp-content\/themes\/board\/assets\/images\/bubbles-events.svg\" alt=\"hero-bubble preview\" height=\"200\" width=\"300\">\n\t\t\t\t\t\t\t\t\t\t\t\t\t\t\t<\/div>\n\t\t\t\t\t\t<\/div>\n\t\t\t\t\t\n\n\t\t\t\t<\/div>\n\t\t\t<\/div>\n\t\t<\/div>\n\t<\/section>\n\n\n\n\t<section id=\"block_817eb9872bad437a7b99b9590c72f8ca-1\" class=\"block block--spc single-page__post\">\n\n\t\t<div class=\"d-lg-none container\">\n\t\t\t\t\t<\/div>\n\n\t\t<div class=\"container container--narrow\">\n\t\t\t<div class=\"row justify-content-center\">\n\t\t\t\t<div class=\"col-lg-7 single-page__post-text\">\n\t\t\t\t\t\n\n<p><p style=\"text-align: justify;\">L\u2019actualit\u00e9 \u00e9conomique et sociale (rar\u00e9faction des comp\u00e9tences, augmentations salariales, incertitudes \u00e9conomiques et politiques, turnover, \u2026) a mis en \u00e9vidence \u00e0 quel point la planification des talents et de la masse salariale est devenue un enjeu strat\u00e9gique et op\u00e9rationnel pour les grandes entreprises. Les m\u00e9tiers doivent disposer des bonnes comp\u00e9tences pour atteindre leurs objectifs. La DRH veut servir les m\u00e9tiers. La Finance a besoin de visibilit\u00e9 et de ma\u00eetrise sur les enjeux budg\u00e9taires. &nbsp;<\/p><\/p>\n\n\n\n<p><p style=\"text-align: justify;\">Sia Partners (cabinet de conseil), associ\u00e9 \u00e0 Board (\u00e9diteur de solution de pilotage de la performance) et avec le t\u00e9moignage de Sanofi, partagent 3 points de vue organisationnel, op\u00e9rationnel et technologique :<\/p><\/p>\n\n\n\n<ul class=\"wp-block-list\">\n<li>Comment rendre r\u00e9el le lien entre la RH et les m\u00e9tiers, avec les bons inducteurs ?<\/li>\n\n\n\n<li>Comment faire dialoguer la RH et la Finance ? R\u00e9f\u00e9rentiels, niveau de granularit\u00e9, processus-clefs, unit\u00e9 de temps ?<\/li>\n\n\n\n<li>Quel type de solution pour faciliter le dialogue RH-Finance, en proposant une d\u00e9marche agile, flexible et rapide permettant de mesurer les impacts des sc\u00e9narios possibles ?<br><br><\/li>\n<\/ul>\n\n\n\n<p>N\u2019attendez plus pour regarder le replay !<\/p>\n\n\n\n<h3 class=\"wp-block-heading\"><strong>En Partenariat avec :<\/strong><\/h3>\n\n\n\n<figure class=\"wp-block-image size-full is-resized\"><img loading=\"lazy\" decoding=\"async\" width=\"2995\" height=\"349\" src=\"https:\/\/wwwstg.board.com\/wp-content\/uploads\/2025\/02\/final_logo_2020-13_4.png\" alt=\"\" class=\"wp-image-62360\" style=\"width:432px;height:auto\" srcset=\"https:\/\/wwwstg.board.com\/wp-content\/uploads\/2025\/02\/final_logo_2020-13_4.png 2995w, https:\/\/wwwstg.board.com\/wp-content\/uploads\/2025\/02\/final_logo_2020-13_4-768x89.png 768w, https:\/\/wwwstg.board.com\/wp-content\/uploads\/2025\/02\/final_logo_2020-13_4-1600x186.png 1600w, https:\/\/wwwstg.board.com\/wp-content\/uploads\/2025\/02\/final_logo_2020-13_4-1536x179.png 1536w, https:\/\/wwwstg.board.com\/wp-content\/uploads\/2025\/02\/final_logo_2020-13_4-2048x239.png 2048w, https:\/\/wwwstg.board.com\/wp-content\/uploads\/2025\/02\/final_logo_2020-13_4-480x56.png 480w, https:\/\/wwwstg.board.com\/wp-content\/uploads\/2025\/02\/final_logo_2020-13_4-215x25.png 215w, https:\/\/wwwstg.board.com\/wp-content\/uploads\/2025\/02\/final_logo_2020-13_4-572x67.png 572w\" sizes=\"auto, (max-width: 2995px) 100vw, 2995px\" \/><\/figure>\n\n\n\t\t\t\t<\/div>\n\n\t\t\t\t<div class=\"col-lg-3\">\n\t\t\t\t\t<aside class=\"single-event-info\">\n\t\t\t\t\t\t\n<article class=\"card card--event-register\">\n\t<div class=\"event-info-img\">\n\t\t<img decoding=\"async\" src=\"https:\/\/wwwstg.board.com\/wp-content\/uploads\/2025\/02\/1280x800_thumbnail_webinar-with-SiaPartners-480x300.jpg\" alt=\"\" loading=\"lazy\" \/>\n\t<\/div>\n\n\t<div class=\"card-body\">\n\t\t\n\t\t\n\t\t\t\t\t<div class=\"card-event-detail\">\n\t\t\t\t<img decoding=\"async\" src=\"https:\/\/wwwstg.board.com\/wp-content\/themes\/board\/assets\/images\/icons\/lang.svg\" alt=\"Board Beyond\" loading=\"lazy\" height=\"22\" width=\"22\">\n\t\t\t\t<strong>French<\/strong>\n\t\t\t<\/div>\n\t\t\n\t\t\n\t\t\n\t\t\t\t\t<a data-scroll-to=\".block-text-form\" class=\"d-inline-block btn-link text-center w-100\">\n\t\t\t\tWatch Now\t\t\t<\/a>\n\t\t\t<\/div>\n<\/article>\t\t\t\t\t<\/aside>\n\t\t\t\t<\/div>\n\t\t\t<\/div>\n\t\t<\/div>\n\n\t<\/section>\n\n\t\n\n\t<section id=\"event-form\" class=\"block block--spc columns-block block-text-form bg-web-gradient-light\">\n\t\t<div class=\"container position-relative\">\n\t\t\t<div class=\"columns-block-row\">\n\t\t\t\t\t\t\t\t\n\t<div class=\"column-content \">\n\t\t\n\n<h3 class=\"wp-block-heading\" style=\"font-size:clamp(27.894px, 1.743rem + ((1vw - 3.2px) * 1.571), 48px);font-weight:900\">Regardez maintenant !<\/h3>\n\n\n\t<\/div>\n\n\n\t<div class=\"column-content container \">\n\t\t\n\n\n\t\n\t<\/div>\n\t\n\n\t\t\t<\/div>\n\t\t<\/div>\n\t<\/section>\n\n\t\n\n\t<section id=\"block_27b7fbd61f254d2ee913e0f99ea5d8ec-3\" class=\"block block--spc columns-block block-title-template pb-0 bg-light-blue-50 block-title-events-webinars\">\n\t\t<div class=\"container position-relative\">\n\t\t\t<div class=\"columns-block-row\">\n\t\t\t\t<div class=\"column-content text-start align-self-start\">\n\t\t\t\t\t\t\t\t\t\t\n\n<h3 class=\"wp-block-heading has-text-align-center visual-h2\">\u00c9v\u00e9nements \u00e0 venir<\/h3>\n\n\n\t\t\t\t<\/div>\n\t\t\t<\/div>\n\t\t<\/div>\n\t<\/section>\n\n\t\n\n\t<section id=\"block_573c1e244fa110d757d1183dc7b39bab-4\" class=\"block block--spc events-webinar-feed columns-block grid grid--3 spacing-md bg-light-blue-50 ew-single-block-wrap ew-single-cards-2\">\n\t\t<div class=\"container position-relative\">\n\t\t\t<div class=\"columns-block-row\">\n\t\t\t\t\t\t\t<\/div>\n\t\t<\/div>\n\t<\/section>\n\n\n\t<section id=\"block_86246c5ab0dfdb666167651f21269f2c-5\" class=\"block block--spc columns-block spacing-md footer-cta bg-violet-700\">\n\t\t\n\t\t\t<img loading=\"lazy\" decoding=\"async\" src=\"https:\/\/wwwstg.board.com\/wp-content\/uploads\/2024\/08\/pre-footersvg.svg\" class=\"shape-bg-image shape-bg-image-left\" alt=\"Background image shape - left\" height=\"510\" width=\"930\" aria-hidden=\"true\">\n\t\t\t<div class=\"overlay-gradient\"><\/div>\n\t\t<div class=\"container position-relative columns-70-30\">\n\t\t\t<div class=\"columns-block-row\">\n\t\t\t\t\t\t\t\t\n\t<div class=\"column-content \">\n\t\t\n\n<h2 class=\"wp-block-heading\">Voyons ce que Board peut faire pour vous.<\/h2>\n\n\n\n<p>D\u00e9couvrez la plateforme de planification d&rsquo;entreprise en action.<\/p>\n\n\n\t<\/div>\n\n\n\t<div class=\"column-content \">\n\t\t\n\t\t<a href=\"https:\/\/wwwstg.board.com\/fr\/demandez-demo\" class=\"btn-link btn-link--white\"  target=\"\"\t\t\t>\n\t\t\t<span>Parlez \u00e0 un expert<\/span>\n\t\t<\/a>\n\t\n\n\t<\/div>\n\n\n\t\t\t<\/div>\n\t\t<\/div>\n\t<\/section>\n\n\t","protected":false},"excerpt":{"rendered":"","protected":false},"author":1,"featured_media":91937,"template":"","event-type":[291],"event-language":[300],"event-country":[],"decisional-phase":[],"industry":[4333],"department":[4361],"line_of_business":[4408],"class_list":["post-40868","events-webinars","type-events-webinars","status-publish","has-post-thumbnail","hentry","event-type-on-demand-webinar-fr","event-language-french-fr","industry-all-fr","department-all-fr","line_of_business-hr-workforce-planning-fr"],"acf":[],"yoast_head":"<!-- This site is optimized with the Yoast SEO plugin v27.4 - https:\/\/yoast.com\/product\/yoast-seo-wordpress\/ -->\n<title>Planification des effectifs : comment r\u00e9concilier les m\u00e9tiers, les RH, et la Finance\u00a0?<\/title>\n<meta name=\"description\" content=\"L\u2019actualit\u00e9 \u00e9conomique et sociale (rar\u00e9faction des comp\u00e9tences, augmentations salariales, incertitudes \u00e9conomiques et politiques, turnover, \u2026) a mis en \u00e9vidence \u00e0 quel point la planification des talents et de la masse salariale est devenue un enjeu strat\u00e9gique et op\u00e9rationnel pour les grandes entreprises. Les m\u00e9tiers doivent disposer des bonnes comp\u00e9tences pour atteindre leurs\" \/>\n<meta name=\"robots\" content=\"noindex, follow, max-snippet:-1, max-image-preview:large, max-video-preview:-1\" \/>\n<meta property=\"og:locale\" content=\"fr_FR\" \/>\n<meta property=\"og:type\" content=\"article\" \/>\n<meta property=\"og:title\" content=\"Planification des effectifs : comment r\u00e9concilier les m\u00e9tiers, les RH, et la Finance\u00a0?\" \/>\n<meta property=\"og:description\" content=\"L\u2019actualit\u00e9 \u00e9conomique et sociale (rar\u00e9faction des comp\u00e9tences, augmentations salariales, incertitudes \u00e9conomiques et politiques, turnover, \u2026) a mis en \u00e9vidence \u00e0 quel point la planification des talents et de la masse salariale est devenue un enjeu strat\u00e9gique et op\u00e9rationnel pour les grandes entreprises. Les m\u00e9tiers doivent disposer des bonnes comp\u00e9tences pour atteindre leurs\" \/>\n<meta property=\"og:url\" content=\"https:\/\/wwwstg.board.com\/fr\/evenements-webinaires\/planification-des-effectifs-comment-reconcilier-les-metiers-les-rh-et-la-finance\" \/>\n<meta property=\"og:site_name\" content=\"Board\" \/>\n<meta property=\"article:publisher\" content=\"https:\/\/www.facebook.com\/BOARD.International\" \/>\n<meta property=\"article:modified_time\" content=\"2025-06-23T09:32:27+00:00\" \/>\n<meta property=\"og:image\" content=\"https:\/\/wwwstg.board.com\/wp-content\/uploads\/2025\/02\/1200x627_board_webinar-with-sia-partners_ondemand.jpg\" \/>\n<meta name=\"twitter:card\" content=\"summary_large_image\" \/>\n<meta name=\"twitter:site\" content=\"@BOARDSoftware\" \/>\n<meta name=\"twitter:label1\" content=\"Dur\u00e9e de lecture estim\u00e9e\" \/>\n\t<meta name=\"twitter:data1\" content=\"2 minutes\" \/>\n<script type=\"application\/ld+json\" class=\"yoast-schema-graph\">{\"@context\":\"https:\\\/\\\/schema.org\",\"@graph\":[{\"@type\":\"WebPage\",\"@id\":\"https:\\\/\\\/wwwstg.board.com\\\/fr\\\/evenements-webinaires\\\/planification-des-effectifs-comment-reconcilier-les-metiers-les-rh-et-la-finance\",\"url\":\"https:\\\/\\\/wwwstg.board.com\\\/fr\\\/evenements-webinaires\\\/planification-des-effectifs-comment-reconcilier-les-metiers-les-rh-et-la-finance\",\"name\":\"Planification des effectifs : comment r\u00e9concilier les m\u00e9tiers, les RH, et la Finance\u00a0?\",\"isPartOf\":{\"@id\":\"https:\\\/\\\/wwwstg.board.com\\\/fr#website\"},\"primaryImageOfPage\":{\"@id\":\"https:\\\/\\\/wwwstg.board.com\\\/fr\\\/evenements-webinaires\\\/planification-des-effectifs-comment-reconcilier-les-metiers-les-rh-et-la-finance#primaryimage\"},\"image\":{\"@id\":\"https:\\\/\\\/wwwstg.board.com\\\/fr\\\/evenements-webinaires\\\/planification-des-effectifs-comment-reconcilier-les-metiers-les-rh-et-la-finance#primaryimage\"},\"thumbnailUrl\":\"https:\\\/\\\/wwwstg.board.com\\\/wp-content\\\/uploads\\\/2025\\\/02\\\/1280x800_thumbnail_webinar-with-SiaPartners.jpg\",\"datePublished\":\"2025-02-20T12:57:52+00:00\",\"dateModified\":\"2025-06-23T09:32:27+00:00\",\"description\":\"L\u2019actualit\u00e9 \u00e9conomique et sociale (rar\u00e9faction des comp\u00e9tences, augmentations salariales, incertitudes \u00e9conomiques et politiques, turnover, \u2026) a mis en \u00e9vidence \u00e0 quel point la planification des talents et de la masse salariale est devenue un enjeu strat\u00e9gique et op\u00e9rationnel pour les grandes entreprises. Les m\u00e9tiers doivent disposer des bonnes comp\u00e9tences pour atteindre leurs\",\"breadcrumb\":{\"@id\":\"https:\\\/\\\/wwwstg.board.com\\\/fr\\\/evenements-webinaires\\\/planification-des-effectifs-comment-reconcilier-les-metiers-les-rh-et-la-finance#breadcrumb\"},\"inLanguage\":\"fr-FR\",\"potentialAction\":[{\"@type\":\"ReadAction\",\"target\":[\"https:\\\/\\\/wwwstg.board.com\\\/fr\\\/evenements-webinaires\\\/planification-des-effectifs-comment-reconcilier-les-metiers-les-rh-et-la-finance\"]}]},{\"@type\":\"ImageObject\",\"inLanguage\":\"fr-FR\",\"@id\":\"https:\\\/\\\/wwwstg.board.com\\\/fr\\\/evenements-webinaires\\\/planification-des-effectifs-comment-reconcilier-les-metiers-les-rh-et-la-finance#primaryimage\",\"url\":\"https:\\\/\\\/wwwstg.board.com\\\/wp-content\\\/uploads\\\/2025\\\/02\\\/1280x800_thumbnail_webinar-with-SiaPartners.jpg\",\"contentUrl\":\"https:\\\/\\\/wwwstg.board.com\\\/wp-content\\\/uploads\\\/2025\\\/02\\\/1280x800_thumbnail_webinar-with-SiaPartners.jpg\",\"width\":1280,\"height\":800},{\"@type\":\"BreadcrumbList\",\"@id\":\"https:\\\/\\\/wwwstg.board.com\\\/fr\\\/evenements-webinaires\\\/planification-des-effectifs-comment-reconcilier-les-metiers-les-rh-et-la-finance#breadcrumb\",\"itemListElement\":[{\"@type\":\"ListItem\",\"position\":1,\"name\":\"Home\",\"item\":\"https:\\\/\\\/wwwstg.board.com\\\/fr\"},{\"@type\":\"ListItem\",\"position\":2,\"name\":\"Events & Webinars\",\"item\":\"https:\\\/\\\/wwwstg.board.com\\\/fr\\\/evenements-webinaires\"},{\"@type\":\"ListItem\",\"position\":3,\"name\":\"Planification des effectifs : comment r\u00e9concilier les m\u00e9tiers, les RH, et la Finance\u00a0?\"}]},{\"@type\":\"WebSite\",\"@id\":\"https:\\\/\\\/wwwstg.board.com\\\/fr#website\",\"url\":\"https:\\\/\\\/wwwstg.board.com\\\/fr\",\"name\":\"Board\",\"description\":\"The Enterprise Planning Platform\",\"publisher\":{\"@id\":\"https:\\\/\\\/wwwstg.board.com\\\/fr#organization\"},\"potentialAction\":[{\"@type\":\"SearchAction\",\"target\":{\"@type\":\"EntryPoint\",\"urlTemplate\":\"https:\\\/\\\/wwwstg.board.com\\\/fr?s={search_term_string}\"},\"query-input\":{\"@type\":\"PropertyValueSpecification\",\"valueRequired\":true,\"valueName\":\"search_term_string\"}}],\"inLanguage\":\"fr-FR\"},{\"@type\":\"Organization\",\"@id\":\"https:\\\/\\\/wwwstg.board.com\\\/fr#organization\",\"name\":\"Board\",\"url\":\"https:\\\/\\\/wwwstg.board.com\\\/fr\",\"logo\":{\"@type\":\"ImageObject\",\"inLanguage\":\"fr-FR\",\"@id\":\"https:\\\/\\\/wwwstg.board.com\\\/fr#\\\/schema\\\/logo\\\/image\\\/\",\"url\":\"https:\\\/\\\/wwwstg.board.com\\\/wp-content\\\/uploads\\\/2024\\\/08\\\/board-footer-logo-grey-0-1.png\",\"contentUrl\":\"https:\\\/\\\/wwwstg.board.com\\\/wp-content\\\/uploads\\\/2024\\\/08\\\/board-footer-logo-grey-0-1.png\",\"width\":297,\"height\":103,\"caption\":\"Board\"},\"image\":{\"@id\":\"https:\\\/\\\/wwwstg.board.com\\\/fr#\\\/schema\\\/logo\\\/image\\\/\"},\"sameAs\":[\"https:\\\/\\\/www.facebook.com\\\/BOARD.International\",\"https:\\\/\\\/x.com\\\/BOARDSoftware\",\"https:\\\/\\\/www.linkedin.com\\\/company\\\/board\\\/\",\"https:\\\/\\\/www.youtube.com\\\/user\\\/BOARDInternationalSA\",\"https:\\\/\\\/en.wikipedia.org\\\/wiki\\\/Board_International\"]},{\"@type\":\"Event\",\"@id\":\"https:\\\/\\\/wwwstg.board.com\\\/fr\\\/evenements-webinaires\\\/planification-des-effectifs-comment-reconcilier-les-metiers-les-rh-et-la-finance#event\",\"name\":\"Planification des effectifs : comment r\u00e9concilier les m\u00e9tiers, les RH, et la Finance\u00a0?\",\"description\":\"On-demand webinar: L\u2019actualit\u00e9 \u00e9conomique et sociale (rar\u00e9faction des comp\u00e9tences, augmentations salariales, incertitudes \u00e9conomiques et politiques, turnover, \u2026) a mis en \u00e9vidence \u00e0 quel point la planification des talents et de la masse salariale est devenue un enjeu strat\u00e9gique et op\u00e9rationnel pour les grandes entreprises. Les m\u00e9tiers doivent disposer des bonnes comp\u00e9tences pour atteindre leurs\",\"organizer\":{\"@id\":\"https:\\\/\\\/wwwstg.board.com\\\/fr#organization\"},\"url\":\"https:\\\/\\\/wwwstg.board.com\\\/fr\\\/evenements-webinaires\\\/planification-des-effectifs-comment-reconcilier-les-metiers-les-rh-et-la-finance\",\"image\":\"https:\\\/\\\/wwwstg.board.com\\\/wp-content\\\/uploads\\\/2025\\\/02\\\/1280x800_thumbnail_webinar-with-SiaPartners.jpg\",\"eventAttendanceMode\":\"OnlineEventAttendanceMode\",\"location\":{\"@type\":\"VirtualLocation\",\"name\":\"Virtual Location\",\"url\":\"https:\\\/\\\/wwwstg.board.com\\\/fr\\\/evenements-webinaires\\\/planification-des-effectifs-comment-reconcilier-les-metiers-les-rh-et-la-finance\"}}]}<\/script>\n<!-- \/ Yoast SEO plugin. -->","yoast_head_json":{"title":"Planification des effectifs : comment r\u00e9concilier les m\u00e9tiers, les RH, et la Finance\u00a0?","description":"L\u2019actualit\u00e9 \u00e9conomique et sociale (rar\u00e9faction des comp\u00e9tences, augmentations salariales, incertitudes \u00e9conomiques et politiques, turnover, \u2026) a mis en \u00e9vidence \u00e0 quel point la planification des talents et de la masse salariale est devenue un enjeu strat\u00e9gique et op\u00e9rationnel pour les grandes entreprises. Les m\u00e9tiers doivent disposer des bonnes comp\u00e9tences pour atteindre leurs","robots":{"index":"noindex","follow":"follow","max-snippet":"max-snippet:-1","max-image-preview":"max-image-preview:large","max-video-preview":"max-video-preview:-1"},"og_locale":"fr_FR","og_type":"article","og_title":"Planification des effectifs : comment r\u00e9concilier les m\u00e9tiers, les RH, et la Finance\u00a0?","og_description":"L\u2019actualit\u00e9 \u00e9conomique et sociale (rar\u00e9faction des comp\u00e9tences, augmentations salariales, incertitudes \u00e9conomiques et politiques, turnover, \u2026) a mis en \u00e9vidence \u00e0 quel point la planification des talents et de la masse salariale est devenue un enjeu strat\u00e9gique et op\u00e9rationnel pour les grandes entreprises. Les m\u00e9tiers doivent disposer des bonnes comp\u00e9tences pour atteindre leurs","og_url":"https:\/\/wwwstg.board.com\/fr\/evenements-webinaires\/planification-des-effectifs-comment-reconcilier-les-metiers-les-rh-et-la-finance","og_site_name":"Board","article_publisher":"https:\/\/www.facebook.com\/BOARD.International","article_modified_time":"2025-06-23T09:32:27+00:00","og_image":[{"url":"https:\/\/wwwstg.board.com\/wp-content\/uploads\/2025\/02\/1200x627_board_webinar-with-sia-partners_ondemand.jpg","type":"","width":"","height":""}],"twitter_card":"summary_large_image","twitter_site":"@BOARDSoftware","twitter_misc":{"Dur\u00e9e de lecture estim\u00e9e":"2 minutes"},"schema":{"@context":"https:\/\/schema.org","@graph":[{"@type":"WebPage","@id":"https:\/\/wwwstg.board.com\/fr\/evenements-webinaires\/planification-des-effectifs-comment-reconcilier-les-metiers-les-rh-et-la-finance","url":"https:\/\/wwwstg.board.com\/fr\/evenements-webinaires\/planification-des-effectifs-comment-reconcilier-les-metiers-les-rh-et-la-finance","name":"Planification des effectifs : comment r\u00e9concilier les m\u00e9tiers, les RH, et la Finance\u00a0?","isPartOf":{"@id":"https:\/\/wwwstg.board.com\/fr#website"},"primaryImageOfPage":{"@id":"https:\/\/wwwstg.board.com\/fr\/evenements-webinaires\/planification-des-effectifs-comment-reconcilier-les-metiers-les-rh-et-la-finance#primaryimage"},"image":{"@id":"https:\/\/wwwstg.board.com\/fr\/evenements-webinaires\/planification-des-effectifs-comment-reconcilier-les-metiers-les-rh-et-la-finance#primaryimage"},"thumbnailUrl":"https:\/\/wwwstg.board.com\/wp-content\/uploads\/2025\/02\/1280x800_thumbnail_webinar-with-SiaPartners.jpg","datePublished":"2025-02-20T12:57:52+00:00","dateModified":"2025-06-23T09:32:27+00:00","description":"L\u2019actualit\u00e9 \u00e9conomique et sociale (rar\u00e9faction des comp\u00e9tences, augmentations salariales, incertitudes \u00e9conomiques et politiques, turnover, \u2026) a mis en \u00e9vidence \u00e0 quel point la planification des talents et de la masse salariale est devenue un enjeu strat\u00e9gique et op\u00e9rationnel pour les grandes entreprises. Les m\u00e9tiers doivent disposer des bonnes comp\u00e9tences pour atteindre leurs","breadcrumb":{"@id":"https:\/\/wwwstg.board.com\/fr\/evenements-webinaires\/planification-des-effectifs-comment-reconcilier-les-metiers-les-rh-et-la-finance#breadcrumb"},"inLanguage":"fr-FR","potentialAction":[{"@type":"ReadAction","target":["https:\/\/wwwstg.board.com\/fr\/evenements-webinaires\/planification-des-effectifs-comment-reconcilier-les-metiers-les-rh-et-la-finance"]}]},{"@type":"ImageObject","inLanguage":"fr-FR","@id":"https:\/\/wwwstg.board.com\/fr\/evenements-webinaires\/planification-des-effectifs-comment-reconcilier-les-metiers-les-rh-et-la-finance#primaryimage","url":"https:\/\/wwwstg.board.com\/wp-content\/uploads\/2025\/02\/1280x800_thumbnail_webinar-with-SiaPartners.jpg","contentUrl":"https:\/\/wwwstg.board.com\/wp-content\/uploads\/2025\/02\/1280x800_thumbnail_webinar-with-SiaPartners.jpg","width":1280,"height":800},{"@type":"BreadcrumbList","@id":"https:\/\/wwwstg.board.com\/fr\/evenements-webinaires\/planification-des-effectifs-comment-reconcilier-les-metiers-les-rh-et-la-finance#breadcrumb","itemListElement":[{"@type":"ListItem","position":1,"name":"Home","item":"https:\/\/wwwstg.board.com\/fr"},{"@type":"ListItem","position":2,"name":"Events & Webinars","item":"https:\/\/wwwstg.board.com\/fr\/evenements-webinaires"},{"@type":"ListItem","position":3,"name":"Planification des effectifs : comment r\u00e9concilier les m\u00e9tiers, les RH, et la Finance\u00a0?"}]},{"@type":"WebSite","@id":"https:\/\/wwwstg.board.com\/fr#website","url":"https:\/\/wwwstg.board.com\/fr","name":"Board","description":"The Enterprise Planning Platform","publisher":{"@id":"https:\/\/wwwstg.board.com\/fr#organization"},"potentialAction":[{"@type":"SearchAction","target":{"@type":"EntryPoint","urlTemplate":"https:\/\/wwwstg.board.com\/fr?s={search_term_string}"},"query-input":{"@type":"PropertyValueSpecification","valueRequired":true,"valueName":"search_term_string"}}],"inLanguage":"fr-FR"},{"@type":"Organization","@id":"https:\/\/wwwstg.board.com\/fr#organization","name":"Board","url":"https:\/\/wwwstg.board.com\/fr","logo":{"@type":"ImageObject","inLanguage":"fr-FR","@id":"https:\/\/wwwstg.board.com\/fr#\/schema\/logo\/image\/","url":"https:\/\/wwwstg.board.com\/wp-content\/uploads\/2024\/08\/board-footer-logo-grey-0-1.png","contentUrl":"https:\/\/wwwstg.board.com\/wp-content\/uploads\/2024\/08\/board-footer-logo-grey-0-1.png","width":297,"height":103,"caption":"Board"},"image":{"@id":"https:\/\/wwwstg.board.com\/fr#\/schema\/logo\/image\/"},"sameAs":["https:\/\/www.facebook.com\/BOARD.International","https:\/\/x.com\/BOARDSoftware","https:\/\/www.linkedin.com\/company\/board\/","https:\/\/www.youtube.com\/user\/BOARDInternationalSA","https:\/\/en.wikipedia.org\/wiki\/Board_International"]},{"@type":"Event","@id":"https:\/\/wwwstg.board.com\/fr\/evenements-webinaires\/planification-des-effectifs-comment-reconcilier-les-metiers-les-rh-et-la-finance#event","name":"Planification des effectifs : comment r\u00e9concilier les m\u00e9tiers, les RH, et la Finance\u00a0?","description":"On-demand webinar: L\u2019actualit\u00e9 \u00e9conomique et sociale (rar\u00e9faction des comp\u00e9tences, augmentations salariales, incertitudes \u00e9conomiques et politiques, turnover, \u2026) a mis en \u00e9vidence \u00e0 quel point la planification des talents et de la masse salariale est devenue un enjeu strat\u00e9gique et op\u00e9rationnel pour les grandes entreprises. Les m\u00e9tiers doivent disposer des bonnes comp\u00e9tences pour atteindre leurs","organizer":{"@id":"https:\/\/wwwstg.board.com\/fr#organization"},"url":"https:\/\/wwwstg.board.com\/fr\/evenements-webinaires\/planification-des-effectifs-comment-reconcilier-les-metiers-les-rh-et-la-finance","image":"https:\/\/wwwstg.board.com\/wp-content\/uploads\/2025\/02\/1280x800_thumbnail_webinar-with-SiaPartners.jpg","eventAttendanceMode":"OnlineEventAttendanceMode","location":{"@type":"VirtualLocation","name":"Virtual Location","url":"https:\/\/wwwstg.board.com\/fr\/evenements-webinaires\/planification-des-effectifs-comment-reconcilier-les-metiers-les-rh-et-la-finance"}}]}},"_links":{"self":[{"href":"https:\/\/wwwstg.board.com\/fr\/wp-json\/wp\/v2\/events-webinars\/40868","targetHints":{"allow":["GET"]}}],"collection":[{"href":"https:\/\/wwwstg.board.com\/fr\/wp-json\/wp\/v2\/events-webinars"}],"about":[{"href":"https:\/\/wwwstg.board.com\/fr\/wp-json\/wp\/v2\/types\/events-webinars"}],"author":[{"embeddable":true,"href":"https:\/\/wwwstg.board.com\/fr\/wp-json\/wp\/v2\/users\/1"}],"version-history":[{"count":0,"href":"https:\/\/wwwstg.board.com\/fr\/wp-json\/wp\/v2\/events-webinars\/40868\/revisions"}],"wp:featuredmedia":[{"embeddable":true,"href":"https:\/\/wwwstg.board.com\/fr\/wp-json\/wp\/v2\/media\/91937"}],"wp:attachment":[{"href":"https:\/\/wwwstg.board.com\/fr\/wp-json\/wp\/v2\/media?parent=40868"}],"wp:term":[{"taxonomy":"event-type","embeddable":true,"href":"https:\/\/wwwstg.board.com\/fr\/wp-json\/wp\/v2\/event-type?post=40868"},{"taxonomy":"event-language","embeddable":true,"href":"https:\/\/wwwstg.board.com\/fr\/wp-json\/wp\/v2\/event-language?post=40868"},{"taxonomy":"event-country","embeddable":true,"href":"https:\/\/wwwstg.board.com\/fr\/wp-json\/wp\/v2\/event-country?post=40868"},{"taxonomy":"decisional-phase","embeddable":true,"href":"https:\/\/wwwstg.board.com\/fr\/wp-json\/wp\/v2\/decisional-phase?post=40868"},{"taxonomy":"industry","embeddable":true,"href":"https:\/\/wwwstg.board.com\/fr\/wp-json\/wp\/v2\/industry?post=40868"},{"taxonomy":"department","embeddable":true,"href":"https:\/\/wwwstg.board.com\/fr\/wp-json\/wp\/v2\/department?post=40868"},{"taxonomy":"line_of_business","embeddable":true,"href":"https:\/\/wwwstg.board.com\/fr\/wp-json\/wp\/v2\/line_of_business?post=40868"}],"curies":[{"name":"wp","href":"https:\/\/api.w.org\/{rel}","templated":true}]}}