{"id":9284,"date":"2024-07-31T12:06:39","date_gmt":"2024-07-31T12:06:39","guid":{"rendered":"https:\/\/www.board.com\/politica-de-privacidad\/"},"modified":"2025-01-31T07:37:42","modified_gmt":"2025-01-31T07:37:42","slug":"privacy-policy","status":"publish","type":"page","link":"https:\/\/wwwstg.board.com\/es\/privacy-policy","title":{"rendered":"Pol\u00edtica de privacidad"},"content":{"rendered":"\t<section id=\"block_9a7f1a82c661d6eb6625f6aa91e0331c-\" class=\"block block--spc columns-block \">\n\t\t<div class=\"container position-relative\">\n\t\t\t<div class=\"columns-block-row\">\n\t\t\t\t\t\t\t\t\n\t<div id=\"block_5f41a793302268c3ca49a5a3622d364a\" class=\"column-content   text-start align-self-start\">\n\t\t\n\n<h1 class=\"wp-block-heading\">Pol\u00edtica de privacidad<\/h1>\n\n\n\n<p>El Reglamento General de Protecci\u00f3n de Datos (\u00ab<strong>RGPD<\/strong>\u00bb), que entr\u00f3 en vigor el 25 de mayo de 2018, y la Ley Federal Suiza sobre Protecci\u00f3n de Datos tienen por objeto garantizar que los datos personales de las personas f\u00edsicas sean tratados en cumplimiento de los derechos, las libertades fundamentales y la dignidad de las personas, con especial referencia a la identidad personal. Board International SA y sus subsidiarias (\u00ab<strong>Board<\/strong>\u00bb o el \u00ab<strong>Responsable del tratamiento de datos<\/strong>\u00bb), ponen especial atenci\u00f3n en la manera en que la informaci\u00f3n personal se utiliza y comparte y por tanto, es importante informarle de la pol\u00edtica de privacidad adoptada. <\/p>\n\n\n\n<p>Tratamiento de datos personales significa la recogida, grabaci\u00f3n, organizaci\u00f3n, conservaci\u00f3n, tratamiento, alteraci\u00f3n, selecci\u00f3n, recuperaci\u00f3n, comparaci\u00f3n, uso, divulgaci\u00f3n, borrado, distribuci\u00f3n, interconexi\u00f3n y cualquier otra actividad de tratamiento que sea \u00fatil para el desempe\u00f1o del servicio espec\u00edfico requerido (el \u00ab<strong>Servicio<\/strong>\u00bb).<\/p>\n\n\n\n<h2 class=\"wp-block-heading\">1. Datos personales que recogemos<\/h2>\n\n\n\n<p>1.1 Board recoge la informaci\u00f3n personal proporcionada por usuarios:<\/p>\n\n\n\n<ol class=\"wp-block-list\">\n<li>Cuando se env\u00edan formularios de contacto en el sitio web wwwstg.board.com (el \u00ab<strong>Sitio web<\/strong>\u00bb) (por ejemplo, relacionados con las secciones \u00abEmpleo\u00bb, \u00abDemo gratuita\u00bb, \u00abFormaci\u00f3n y asistencia\u00bb o \u00abEventos\u00bb);<\/li>\n\n\n\n<li>para la prestaci\u00f3n de los servicios de Board;<\/li>\n\n\n\n<li>para asistencia sobre productos;<\/li>\n\n\n\n<li>para asistir a reuniones y prestar servicios relacionados; o<\/li>\n\n\n\n<li>para administrar cursos en l\u00ednea, pruebas y emitir certificaciones.<\/li>\n<\/ol>\n\n\n\n<p>1.2 En particular, los datos personales tratados por Board incluyen, entre otros, los siguientes datos:<\/p>\n\n\n\n<ul class=\"wp-block-list\">\n<li>nombre, apellido(s) y cargo informaci\u00f3n de contacto incluida la direcci\u00f3n de correo electr\u00f3nico y el n\u00famero de tel\u00e9fono;<\/li>\n\n\n\n<li>informaci\u00f3n personal como la direcci\u00f3n, c\u00f3digo postal y pa\u00eds;<\/li>\n\n\n\n<li>otra informaci\u00f3n relativa a encuestas u ofertas enviadas a los usuarios.<\/li>\n<\/ul>\n\n\n\n<p>Esta informaci\u00f3n cabe dentro de la definici\u00f3n de datos personales, i.e. cualquier informaci\u00f3n relativa a una persona f\u00edsica identificada o identificable (el \u00ab<strong>Interesado<\/strong>\u00bb); identificable se refiere a personas f\u00edsicas que pueden ser identificadas, directamente o indirectamente, con especial referencia a datos tales como el nombre, n\u00famero de identificaci\u00f3n, datos relativos a su ubicaci\u00f3n, un ID en l\u00ednea o uno o m\u00e1s elementos caracter\u00edsticos de su identidad f\u00edsica, ps\u00edquica, gen\u00e9tica, mental, econ\u00f3mica, cultural o social (los \u00ab<strong>Datos personales<\/strong>\u00bb).<\/p>\n\n\n\n<p>1.3 El Sitio web utiliza cookies, seg\u00fan se describe con m\u00e1s detalle en la Pol\u00edtica de cookies.<\/p>\n\n\n\n<h2 class=\"wp-block-heading\">2. Fines del tratamiento<\/h2>\n\n\n\n<p>2.1 Los Datos personales que usted proporciona en el momento de registrar el Servicio, o que se obtienen de otro modo durante las actividades que realizamos, podr\u00e1n ser tratados, para los fines vinculados con las prestaciones del Servicio y, por ejemplo, para dar respuesta a las peticiones que usted env\u00ede a Board (por ejemplo, para enviar materiales de informaci\u00f3n, para ser contactos o para una demo u oferta de ventas, etc.). En cualquier momento podr\u00e1 oponerse al env\u00edo de correos electr\u00f3nicos. <\/p>\n\n\n\n<p>2.2 Los Datos personales que usted proporciona tambi\u00e9n podr\u00e1n ser tratados para proporcionar seguridad en l\u00ednea para el Sitio web y los Servicios de Board, y para cumplir con las leyes y normativas aplicables, \u00f3rdenes judiciales, peticiones gubernamentales o de las fuerzas policiales, investigar incidentes de seguridad y privacidad, y gestionar disputas de clientes.<\/p>\n\n\n\n<p>2.3 Sus Datos personales se utilizar\u00e1n para enviar peri\u00f3dicamente correos electr\u00f3nicos promocionales (utilizando la direcci\u00f3n de correo electr\u00f3nico facilitada por usted), cuando usted acepte esta Pol\u00edtica de privacidad al enviar el formulario. Estos correos electr\u00f3nicos podr\u00e1n ser sobre nuevos productos, eventos, ofertas especiales u otra informaci\u00f3n que Board crea que puede ser de inter\u00e9s para usted. Las anteriores comunicaciones tambi\u00e9n  <\/p>\n\n\n\n<p>se le podr\u00e1n enviar por terceros dentro del Grupo Board a quienes Board proporcione los Datos personales que usted haya facilitado.<\/p>\n\n\n\n<p>2.3 Sus Datos personales tambi\u00e9n se podr\u00e1n utilizar para la elaboraci\u00f3n de perfiles, mediante el uso de cookies y la siguiente aceptaci\u00f3n en este sentido por parte de usted. La aceptaci\u00f3n del uso de cookies se produce al inicio al hacer clic en \u00abAceptar cookies\u00bb y al cerrar el banner, seg\u00fan se explica mejor en la Pol\u00edtica de cookies. <\/p>\n\n\n\n<h2 class=\"wp-block-heading\">3. M\u00e9todos de tratamiento<\/h2>\n\n\n\n<p>3.1 Sus Datos personales son recogidos por las partes que se exponen en la cl\u00e1usula 6 de esta Pol\u00edtica de privacidad, y el tratamiento relacionado se lleva a cabo mediante instrumentos automatizados manuales o informatizados con l\u00f3gicas estrictamente vinculadas a los fines descritos antes y, en cualquier caso, para garantizar la seguridad y confidencialidad de los Datos personales.<\/p>\n\n\n\n<h2 class=\"wp-block-heading\">4. Base jur\u00eddica del tratamiento de los Datos personales<\/h2>\n\n\n\n<p>4.1 En virtud del RGPD, Board trata Datos personales en funci\u00f3n de diferentes bases jur\u00eddicas, como se indica a continuaci\u00f3n:<\/p>\n\n\n\n<ul class=\"wp-block-list\">\n<li>Para cumplir y gestionar el contrato con usted: al celebrar un contrato con Board, Board trata Datos personales para prestar los Servicios y para gestionar la relaci\u00f3n contractual.<\/li>\n\n\n\n<li>Para cumplir con obligaciones legales: Board trata sus Datos personales para cumplir con las leyes pertinentes o los requisitos reglamentarios, y para responder a peticiones legales, \u00f3rdenes judiciales y procesos legales.<\/li>\n\n\n\n<li>Sobre la base de nuestros intereses leg\u00edtimos: Board trata Datos personales para enviar comunicaciones o boletines informativos relacionados con los productos y\/o servicios pertinentes.<\/li>\n\n\n\n<li>Sobre la base de su consentimiento: en determinadas situaciones, Board trata Datos personales sobre la base de su consentimiento. Usted tiene derecho a retirar el consentimiento en cualquier momento. <\/li>\n<\/ul>\n\n\n\n<p>4.2 La provisi\u00f3n de Datos personales por usted cuando env\u00eda formularios de contacto, es absolutamente opcional y no representa un requisito legal.<\/p>\n\n\n\n<p>4.3 Respecto a los efectos de la no aceptaci\u00f3n o la desactivaci\u00f3n de las cookies, consulte los t\u00e9rminos de la Pol\u00edtica de cookies.<\/p>\n\n\n\n<h2 class=\"wp-block-heading\">5. Categor\u00eda de personas a las que pueden divulgarse los Datos personales<\/h2>\n\n\n\n<p>5.1 Los Datos personales recogidos con el fin de prestar el Servicio conforme a la cl\u00e1usula 2 podr\u00e1n divulgarse a empresas que realicen actividades que est\u00e9n estrictamente vinculadas y sean instrumentales a la prestaci\u00f3n del Servicio. Dichos Datos personales podr\u00e1n ser transferidos a empresas asociadas y\/o empresas dentro del Grupo Board o a terceros incluso situados fuera de la Uni\u00f3n Europea, cuando se hayan implementado las salvaguardas adecuadas (garant\u00eda de un nivel adecuado de protecci\u00f3n) establecidas por la Comisi\u00f3n Europea. <\/p>\n\n\n\n<p>5.2 Los Datos personales recogidos con los fines enumerados en la cl\u00e1usula 2 podr\u00e1n ser transferidos a terceros dentro del Grupo Board y\/u otros terceros (situados dentro o fuera de la Uni\u00f3n Europea), tambi\u00e9n para la venta o intento de venta sale, i.e. todos los fines de naturaleza comercial y\/o estad\u00edstica l\u00edcitos. La lista de terceros a quienes se han divulgado sus Datos personales puede solicitarse a Board usando la direcci\u00f3n de correo electr\u00f3nico indicada en la cl\u00e1usula 7.4. <\/p>\n\n\n\n<h2 class=\"wp-block-heading\">6. Responsable del tratamiento, Encargados del tratamiento y Representantes<\/h2>\n\n\n\n<p>Responsable del tratamiento de datos o Responsable del tratamiento se refiere a la persona f\u00edsica o jur\u00eddica, autoridad p\u00fablica, servicio u otro organismo que, de forma individual o con otros, determina los fines y los medios del tratamiento de Datos personales; cuando los fines y los medios del tratamiento se determinan por ley por la Uni\u00f3n Europea y los Estados miembros, el Responsable del tratamiento o los criterios espec\u00edficos aplicables a su designaci\u00f3n podr\u00e1 establecerse por la ley de la Uni\u00f3n Europea y de los Estados miembros.<\/p>\n\n\n\n<p>6.1. Los Responsables del tratamiento son Board International SA con domicilio social en Via Maestri Comacini 4, Chiasso, Ticino 6830, Suiza, y las dem\u00e1s empresas en el Grupo Board que trabajan con autonom\u00eda e independencia en el tratamiento de Datos personales.<\/p>\n\n\n\n<p>6.2 Los Responsables del tratamiento designan Encargados del tratamiento para lograr los fines especificados en la cl\u00e1usula 2. Es posible solicitar una lista completa de los Encargados del tratamiento enviando un correo electr\u00f3nico a la direcci\u00f3n de correo electr\u00f3nico indicada en la cl\u00e1usula 7.4 de esta pol\u00edtica. <\/p>\n\n\n\n<p>6.3 Los Responsables del tratamiento Controllers han designado sus propios empleados y colaboradores para tratar los datos.<\/p>\n\n\n\n<p>6.4 Los Interesados pueden ejercer sus derechos con respecto a cada Responsable del tratamiento.<\/p>\n\n\n\n<h2 class=\"wp-block-heading\">7. Derechos de los Interesados<\/h2>\n\n\n\n<p>7.1 Usted tiene el derecho, en cualquier momento, a obtener confirmaci\u00f3n del Responsable del tratamiento sobre si los Datos personales relativos a usted se est\u00e1n tratando o no, a conocer su origen, los fines y m\u00e9todos de tratamiento; usted tambi\u00e9n tiene el derecho a solicitar la actualizaci\u00f3n, correcci\u00f3n, integraci\u00f3n, supresi\u00f3n, transformaci\u00f3n en un formato an\u00f3nimo, la suspensi\u00f3n de cualquier dato tratado en violaci\u00f3n de la legislaci\u00f3n pertinente, incluidos los que ya no sean necesarios para perseguir los fines para los que fueron recogidos y\/o tratados posteriormente.<\/p>\n\n\n\n<p>7.2 Usted tiene el derecho a oponerse, total o parcialmente, al tratamiento de sus Datos personales por motivos leg\u00edtimos, incluso cuando estos sean todav\u00eda pertinentes para el fin para el cual se recogieron, y al tratamiento de sus Datos personales para el fin de informaci\u00f3n comercial o de env\u00edo o publicidad de materiales o venta directa o para la realizaci\u00f3n de investigaciones de mercado o comunicaciones comerciales.<\/p>\n\n\n\n<p>7.3 Usted tiene el derecho a recibir sus Datos personales en un formato estructurado, com\u00fanmente utilizado y legible por m\u00e1quina, y a transmitir dichos datos a otro responsable del tratamiento.<\/p>\n\n\n\n<p>7.4 Para ejercer sus derechos escriba a la direcci\u00f3n de correo electr\u00f3nico espec\u00edfica: <a href=\"mailto:privacy@board.com\">privacy@board.com<\/a>.<\/p>\n\n\n\n<p>7.5 Tenga en cuenta que tambi\u00e9n tiene el derecho a presentar una reclamaci\u00f3n ante la autoridad de control competente.<\/p>\n\n\n\n<p>7.6 Si ya no desea recibir comunicaciones por correo electr\u00f3nico de Board y desea cancelar su suscripci\u00f3n al bolet\u00edn informativo, puede hacerlo haciendo cli en el enlace de \u00abcancelar suscripci\u00f3n\u00bb al final de cada correo electr\u00f3nico enviado por Board.<\/p>\n\n\n\n<h2 class=\"wp-block-heading\">8. Periodo para el cual son tratados los Datos personales<\/h2>\n\n\n\n<p>8.1 Sus Datos personales se conservar\u00e1n en una copia en papel y\/o en formato electr\u00f3nico\/informatizado\/\u00f3ptico durante el tiempo que sea estrictamente necesario para cumplir los fines indicados en la cl\u00e1usula 2, de conformidad con las leyes aplicables y\/o la relaci\u00f3n contractual. Board ha definido la duraci\u00f3n espec\u00edfica para el almacenamiento de los Datos personales para cada tipo de Dato personal recogido. Al final de dichos per\u00edodos, Board suprimir\u00e1 de forma definitiva los Datos personales relativos a usted.  <\/p>\n\n\n\n<p>9. Cambios<\/p>\n\n\n\n<p>9.1 Esta Pol\u00edtica de privacidad podr\u00e1 estar sujeta a cambios. Si se realizan cambios sustanciales respecto al uso de sus Datos personales, Board se lo notificar\u00e1 publicando un aviso en el Sitio web y\/o envi\u00e1ndole un correo electr\u00f3nico. <\/p>\n\n\n\n<h2 class=\"wp-block-heading\">10. Contactos<\/h2>\n\n\n\n<p>Para cualquier informaci\u00f3n o petici\u00f3n relacionada con esta Pol\u00edtica de privacidad, p\u00f3ngase en contacto con nosotros (Board International, Via Maestri Comacini 4, Chiasso, Ticino 6830, Suiza) en la direcci\u00f3n de correo electr\u00f3nico <a style=\"pointer-events: none;\" href=\"mailto:privacy@board.com\">privacy@board.com<\/a>.<\/p>\n\n\n\t<\/div>\n\n\n\t\t\t<\/div>\n\t\t<\/div>\n\t<\/section>\n\n\t","protected":false},"excerpt":{"rendered":"","protected":false},"author":5,"featured_media":0,"parent":0,"menu_order":0,"comment_status":"closed","ping_status":"open","template":"","meta":{"_acf_changed":false,"_themeisle_gutenberg_block_has_review":false,"footnotes":""},"line_of_business":[4387],"page_score_tier":[],"class_list":["post-9284","page","type-page","status-publish","hentry","line_of_business-not-assigned-es"],"acf":[],"yoast_head":"<!-- This site is optimized with the Yoast SEO plugin v27.4 - https:\/\/yoast.com\/product\/yoast-seo-wordpress\/ -->\n<title>Pol\u00edtica de privacidad<\/title>\n<meta name=\"description\" content=\"Privacy Policy The General Data Protection Regulation (\u201cGDPR\u201d), which came into force on 25 May 2018, and the Swiss Federal Act on Data...\" \/>\n<meta name=\"robots\" content=\"noindex, follow, max-snippet:-1, max-image-preview:large, max-video-preview:-1\" \/>\n<meta property=\"og:locale\" content=\"es_ES\" \/>\n<meta property=\"og:type\" content=\"article\" \/>\n<meta property=\"og:title\" content=\"Pol\u00edtica de privacidad\" \/>\n<meta property=\"og:description\" content=\"Privacy Policy The General Data Protection Regulation (\u201cGDPR\u201d), which came into force on 25 May 2018, and the Swiss Federal Act on Data...\" \/>\n<meta property=\"og:url\" content=\"https:\/\/wwwstg.board.com\/es\/privacy-policy\" \/>\n<meta property=\"og:site_name\" content=\"Board\" \/>\n<meta property=\"article:publisher\" content=\"https:\/\/www.facebook.com\/BOARD.International\" \/>\n<meta property=\"article:modified_time\" content=\"2025-01-31T07:37:42+00:00\" \/>\n<meta name=\"twitter:card\" content=\"summary_large_image\" \/>\n<meta name=\"twitter:site\" content=\"@BOARDSoftware\" \/>\n<meta name=\"twitter:label1\" content=\"Tiempo de lectura\" \/>\n\t<meta name=\"twitter:data1\" content=\"8 minutos\" \/>\n<script type=\"application\/ld+json\" class=\"yoast-schema-graph\">{\"@context\":\"https:\\\/\\\/schema.org\",\"@graph\":[{\"@type\":\"WebPage\",\"@id\":\"https:\\\/\\\/wwwstg.board.com\\\/es\\\/privacy-policy\",\"url\":\"https:\\\/\\\/wwwstg.board.com\\\/es\\\/privacy-policy\",\"name\":\"Pol\u00edtica de privacidad\",\"isPartOf\":{\"@id\":\"https:\\\/\\\/wwwstg.board.com\\\/es#website\"},\"datePublished\":\"2024-07-31T12:06:39+00:00\",\"dateModified\":\"2025-01-31T07:37:42+00:00\",\"description\":\"Privacy Policy The General Data Protection Regulation (\u201cGDPR\u201d), which came into force on 25 May 2018, and the Swiss Federal Act on Data...\",\"breadcrumb\":{\"@id\":\"https:\\\/\\\/wwwstg.board.com\\\/es\\\/privacy-policy#breadcrumb\"},\"inLanguage\":\"es\",\"potentialAction\":[{\"@type\":\"ReadAction\",\"target\":[\"https:\\\/\\\/wwwstg.board.com\\\/es\\\/privacy-policy\"]}]},{\"@type\":\"BreadcrumbList\",\"@id\":\"https:\\\/\\\/wwwstg.board.com\\\/es\\\/privacy-policy#breadcrumb\",\"itemListElement\":[{\"@type\":\"ListItem\",\"position\":1,\"name\":\"Home\",\"item\":\"https:\\\/\\\/wwwstg.board.com\\\/es\"},{\"@type\":\"ListItem\",\"position\":2,\"name\":\"Pol\u00edtica de privacidad\"}]},{\"@type\":\"WebSite\",\"@id\":\"https:\\\/\\\/wwwstg.board.com\\\/es#website\",\"url\":\"https:\\\/\\\/wwwstg.board.com\\\/es\",\"name\":\"Board\",\"description\":\"The Enterprise Planning Platform\",\"publisher\":{\"@id\":\"https:\\\/\\\/wwwstg.board.com\\\/es#organization\"},\"potentialAction\":[{\"@type\":\"SearchAction\",\"target\":{\"@type\":\"EntryPoint\",\"urlTemplate\":\"https:\\\/\\\/wwwstg.board.com\\\/es?s={search_term_string}\"},\"query-input\":{\"@type\":\"PropertyValueSpecification\",\"valueRequired\":true,\"valueName\":\"search_term_string\"}}],\"inLanguage\":\"es\"},{\"@type\":\"Organization\",\"@id\":\"https:\\\/\\\/wwwstg.board.com\\\/es#organization\",\"name\":\"Board\",\"url\":\"https:\\\/\\\/wwwstg.board.com\\\/es\",\"logo\":{\"@type\":\"ImageObject\",\"inLanguage\":\"es\",\"@id\":\"https:\\\/\\\/wwwstg.board.com\\\/es#\\\/schema\\\/logo\\\/image\\\/\",\"url\":\"https:\\\/\\\/wwwstg.board.com\\\/wp-content\\\/uploads\\\/2024\\\/08\\\/board-footer-logo-grey-0-1.png\",\"contentUrl\":\"https:\\\/\\\/wwwstg.board.com\\\/wp-content\\\/uploads\\\/2024\\\/08\\\/board-footer-logo-grey-0-1.png\",\"width\":297,\"height\":103,\"caption\":\"Board\"},\"image\":{\"@id\":\"https:\\\/\\\/wwwstg.board.com\\\/es#\\\/schema\\\/logo\\\/image\\\/\"},\"sameAs\":[\"https:\\\/\\\/www.facebook.com\\\/BOARD.International\",\"https:\\\/\\\/x.com\\\/BOARDSoftware\",\"https:\\\/\\\/www.linkedin.com\\\/company\\\/board\\\/\",\"https:\\\/\\\/www.youtube.com\\\/user\\\/BOARDInternationalSA\",\"https:\\\/\\\/en.wikipedia.org\\\/wiki\\\/Board_International\"]}]}<\/script>\n<!-- \/ Yoast SEO plugin. -->","yoast_head_json":{"title":"Pol\u00edtica de privacidad","description":"Privacy Policy The General Data Protection Regulation (\u201cGDPR\u201d), which came into force on 25 May 2018, and the Swiss Federal Act on Data...","robots":{"index":"noindex","follow":"follow","max-snippet":"max-snippet:-1","max-image-preview":"max-image-preview:large","max-video-preview":"max-video-preview:-1"},"og_locale":"es_ES","og_type":"article","og_title":"Pol\u00edtica de privacidad","og_description":"Privacy Policy The General Data Protection Regulation (\u201cGDPR\u201d), which came into force on 25 May 2018, and the Swiss Federal Act on Data...","og_url":"https:\/\/wwwstg.board.com\/es\/privacy-policy","og_site_name":"Board","article_publisher":"https:\/\/www.facebook.com\/BOARD.International","article_modified_time":"2025-01-31T07:37:42+00:00","twitter_card":"summary_large_image","twitter_site":"@BOARDSoftware","twitter_misc":{"Tiempo de lectura":"8 minutos"},"schema":{"@context":"https:\/\/schema.org","@graph":[{"@type":"WebPage","@id":"https:\/\/wwwstg.board.com\/es\/privacy-policy","url":"https:\/\/wwwstg.board.com\/es\/privacy-policy","name":"Pol\u00edtica de privacidad","isPartOf":{"@id":"https:\/\/wwwstg.board.com\/es#website"},"datePublished":"2024-07-31T12:06:39+00:00","dateModified":"2025-01-31T07:37:42+00:00","description":"Privacy Policy The General Data Protection Regulation (\u201cGDPR\u201d), which came into force on 25 May 2018, and the Swiss Federal Act on Data...","breadcrumb":{"@id":"https:\/\/wwwstg.board.com\/es\/privacy-policy#breadcrumb"},"inLanguage":"es","potentialAction":[{"@type":"ReadAction","target":["https:\/\/wwwstg.board.com\/es\/privacy-policy"]}]},{"@type":"BreadcrumbList","@id":"https:\/\/wwwstg.board.com\/es\/privacy-policy#breadcrumb","itemListElement":[{"@type":"ListItem","position":1,"name":"Home","item":"https:\/\/wwwstg.board.com\/es"},{"@type":"ListItem","position":2,"name":"Pol\u00edtica de privacidad"}]},{"@type":"WebSite","@id":"https:\/\/wwwstg.board.com\/es#website","url":"https:\/\/wwwstg.board.com\/es","name":"Board","description":"The Enterprise Planning Platform","publisher":{"@id":"https:\/\/wwwstg.board.com\/es#organization"},"potentialAction":[{"@type":"SearchAction","target":{"@type":"EntryPoint","urlTemplate":"https:\/\/wwwstg.board.com\/es?s={search_term_string}"},"query-input":{"@type":"PropertyValueSpecification","valueRequired":true,"valueName":"search_term_string"}}],"inLanguage":"es"},{"@type":"Organization","@id":"https:\/\/wwwstg.board.com\/es#organization","name":"Board","url":"https:\/\/wwwstg.board.com\/es","logo":{"@type":"ImageObject","inLanguage":"es","@id":"https:\/\/wwwstg.board.com\/es#\/schema\/logo\/image\/","url":"https:\/\/wwwstg.board.com\/wp-content\/uploads\/2024\/08\/board-footer-logo-grey-0-1.png","contentUrl":"https:\/\/wwwstg.board.com\/wp-content\/uploads\/2024\/08\/board-footer-logo-grey-0-1.png","width":297,"height":103,"caption":"Board"},"image":{"@id":"https:\/\/wwwstg.board.com\/es#\/schema\/logo\/image\/"},"sameAs":["https:\/\/www.facebook.com\/BOARD.International","https:\/\/x.com\/BOARDSoftware","https:\/\/www.linkedin.com\/company\/board\/","https:\/\/www.youtube.com\/user\/BOARDInternationalSA","https:\/\/en.wikipedia.org\/wiki\/Board_International"]}]}},"_links":{"self":[{"href":"https:\/\/wwwstg.board.com\/es\/wp-json\/wp\/v2\/pages\/9284","targetHints":{"allow":["GET"]}}],"collection":[{"href":"https:\/\/wwwstg.board.com\/es\/wp-json\/wp\/v2\/pages"}],"about":[{"href":"https:\/\/wwwstg.board.com\/es\/wp-json\/wp\/v2\/types\/page"}],"author":[{"embeddable":true,"href":"https:\/\/wwwstg.board.com\/es\/wp-json\/wp\/v2\/users\/5"}],"replies":[{"embeddable":true,"href":"https:\/\/wwwstg.board.com\/es\/wp-json\/wp\/v2\/comments?post=9284"}],"version-history":[{"count":0,"href":"https:\/\/wwwstg.board.com\/es\/wp-json\/wp\/v2\/pages\/9284\/revisions"}],"wp:attachment":[{"href":"https:\/\/wwwstg.board.com\/es\/wp-json\/wp\/v2\/media?parent=9284"}],"wp:term":[{"taxonomy":"line_of_business","embeddable":true,"href":"https:\/\/wwwstg.board.com\/es\/wp-json\/wp\/v2\/line_of_business?post=9284"},{"taxonomy":"page_score_tier","embeddable":true,"href":"https:\/\/wwwstg.board.com\/es\/wp-json\/wp\/v2\/page_score_tier?post=9284"}],"curies":[{"name":"wp","href":"https:\/\/api.w.org\/{rel}","templated":true}]}}